{"id":2401,"date":"2017-06-10T14:50:37","date_gmt":"2017-06-10T12:50:37","guid":{"rendered":"http:\/\/www.region-schwabach.de\/wordpress\/?page_id=2401"},"modified":"2017-07-26T15:59:06","modified_gmt":"2017-07-26T13:59:06","slug":"burgersgarten-schwabach","status":"publish","type":"page","link":"https:\/\/www.region-schwabach.de\/wordpress\/region-schwabach-de\/werben-auf-region-schwabach-de\/unternehmenspraesentationen\/burgersgarten-schwabach\/","title":{"rendered":"Burgersgarten Schwabach"},"content":{"rendered":"\t\t<div data-elementor-type=\"wp-post\" data-elementor-id=\"2401\" class=\"elementor elementor-2401 elementor-bc-flex-widget\">\n\t\t\t\t\t\t<section class=\"elementor-section elementor-top-section elementor-element elementor-element-xjmuxlw elementor-section-boxed elementor-section-height-default elementor-section-height-default\" data-id=\"xjmuxlw\" data-element_type=\"section\">\n\t\t\t\t\t\t<div class=\"elementor-container elementor-column-gap-default\">\n\t\t\t\t\t<div class=\"elementor-column elementor-col-66 elementor-top-column elementor-element elementor-element-asnraub\" data-id=\"asnraub\" data-element_type=\"column\">\n\t\t\t<div class=\"elementor-widget-wrap elementor-element-populated\">\n\t\t\t\t\t\t<div class=\"elementor-element elementor-element-xpcnrrg elementor-widget elementor-widget-text-editor\" data-id=\"xpcnrrg\" data-element_type=\"widget\" data-widget_type=\"text-editor.default\">\n\t\t\t\t<div class=\"elementor-widget-container\">\n\t\t\t\t\t\t\t<table style=\"width: 100%;\"><tbody><tr><td><h1 data-fontsize=\"60\" data-lineheight=\"84\"><span style=\"color: #76acac;\">Das\u00a0Areal Burgersgarten<\/span><\/h1><\/td><td style=\"vertical-align: top;\"><span style=\"color: #808080;\">Biergarten<\/span><br \/><span style=\"color: #808080;\">Wirtshaus<\/span><br \/><span style=\"color: #808080;\">Privat- und Firmenfeiern<\/span><br \/><span style=\"color: #808080;\">Musikevents<\/span><\/td><\/tr><\/tbody><\/table>\t\t\t\t\t\t<\/div>\n\t\t\t\t<\/div>\n\t\t\t\t<div class=\"elementor-element elementor-element-jalnqdz elementor-widget elementor-widget-image\" data-id=\"jalnqdz\" data-element_type=\"widget\" data-widget_type=\"image.default\">\n\t\t\t\t<div class=\"elementor-widget-container\">\n\t\t\t\t\t\t\t\t\t\t\t\t\t<img fetchpriority=\"high\" decoding=\"async\" width=\"1024\" height=\"576\" src=\"https:\/\/www.region-schwabach.de\/wordpress\/wp-content\/uploads\/2017\/06\/burgersgarten-1024x576.jpg\" class=\"attachment-large size-large wp-image-2406\" alt=\"\" srcset=\"https:\/\/www.region-schwabach.de\/wordpress\/wp-content\/uploads\/2017\/06\/burgersgarten-1024x576.jpg 1024w, https:\/\/www.region-schwabach.de\/wordpress\/wp-content\/uploads\/2017\/06\/burgersgarten-300x169.jpg 300w, https:\/\/www.region-schwabach.de\/wordpress\/wp-content\/uploads\/2017\/06\/burgersgarten-768x432.jpg 768w, https:\/\/www.region-schwabach.de\/wordpress\/wp-content\/uploads\/2017\/06\/burgersgarten-600x338.jpg 600w, https:\/\/www.region-schwabach.de\/wordpress\/wp-content\/uploads\/2017\/06\/burgersgarten-678x381.jpg 678w, https:\/\/www.region-schwabach.de\/wordpress\/wp-content\/uploads\/2017\/06\/burgersgarten.jpg 2048w\" sizes=\"(max-width: 1024px) 100vw, 1024px\" \/>\t\t\t\t\t\t\t\t\t\t\t\t\t<\/div>\n\t\t\t\t<\/div>\n\t\t\t\t<div class=\"elementor-element elementor-element-ymppuss elementor-widget-divider--view-line elementor-widget elementor-widget-divider\" data-id=\"ymppuss\" data-element_type=\"widget\" data-widget_type=\"divider.default\">\n\t\t\t\t<div class=\"elementor-widget-container\">\n\t\t\t\t\t<div class=\"elementor-divider\">\n\t\t\t<span class=\"elementor-divider-separator\">\n\t\t\t\t\t\t<\/span>\n\t\t<\/div>\n\t\t\t\t<\/div>\n\t\t\t\t<\/div>\n\t\t\t\t<section class=\"elementor-section elementor-inner-section elementor-element elementor-element-kkngnrb elementor-section-boxed elementor-section-height-default elementor-section-height-default\" data-id=\"kkngnrb\" data-element_type=\"section\">\n\t\t\t\t\t\t<div class=\"elementor-container elementor-column-gap-default\">\n\t\t\t\t\t<div class=\"elementor-column elementor-col-100 elementor-inner-column elementor-element elementor-element-nvvkulw\" data-id=\"nvvkulw\" data-element_type=\"column\">\n\t\t\t<div class=\"elementor-widget-wrap elementor-element-populated\">\n\t\t\t\t\t\t<div class=\"elementor-element elementor-element-fufypvd elementor-widget elementor-widget-text-editor\" data-id=\"fufypvd\" data-element_type=\"widget\" data-widget_type=\"text-editor.default\">\n\t\t\t\t<div class=\"elementor-widget-container\">\n\t\t\t\t\t\t\t<h2><span style=\"color: #76acac;\">Areal Burgersgarten &#8211; Tradition neu erleben<\/span><\/h2><p>\u00a0<\/p><p>Das Areal Burgersgarten umfasst eine Gesamtfl\u00e4che von \u00fcber 6000 m\u00b2. Auf diesem weitreichenden Gel\u00e4nde finden Sie einen Biergarten, ein Wirtshaus, sowie diverse Locations f\u00fcr Privat- und Firmenfeiern und Musikveranstaltungen.<\/p><p>\u00a0<\/p><p>Und auch die kleinen G\u00e4ste des Burgergartens kommen hier auf ihre Kosten. F\u00fcr die Kids werden eine Vielzahl von \u00a0M\u00f6glichkeiten zum Spielen und Herumtoben geboten. So sind die Kinder besch\u00e4ftigt, und die Eltern k\u00f6nnen sich in aller Ruhe zur\u00fccklehnen und den Aufenthalt im Burgersgarten genie\u00dfen.<\/p>\t\t\t\t\t\t<\/div>\n\t\t\t\t<\/div>\n\t\t\t\t\t<\/div>\n\t\t<\/div>\n\t\t\t\t\t<\/div>\n\t\t<\/section>\n\t\t\t\t<div class=\"elementor-element elementor-element-tqzfvuh elementor-widget-divider--view-line elementor-widget elementor-widget-divider\" data-id=\"tqzfvuh\" data-element_type=\"widget\" data-widget_type=\"divider.default\">\n\t\t\t\t<div class=\"elementor-widget-container\">\n\t\t\t\t\t<div class=\"elementor-divider\">\n\t\t\t<span class=\"elementor-divider-separator\">\n\t\t\t\t\t\t<\/span>\n\t\t<\/div>\n\t\t\t\t<\/div>\n\t\t\t\t<\/div>\n\t\t\t\t<div class=\"elementor-element elementor-element-igfoxgk elementor-widget elementor-widget-heading\" data-id=\"igfoxgk\" data-element_type=\"widget\" data-widget_type=\"heading.default\">\n\t\t\t\t<div class=\"elementor-widget-container\">\n\t\t\t<h2 class=\"elementor-heading-title elementor-size-default\">Bilderkarussel<\/h2>\t\t<\/div>\n\t\t\t\t<\/div>\n\t\t\t\t<div class=\"elementor-element elementor-element-gzfhand elementor-arrows-position-inside elementor-pagination-position-outside elementor-widget elementor-widget-image-carousel\" data-id=\"gzfhand\" data-element_type=\"widget\" data-settings=\"{&quot;slides_to_show&quot;:&quot;1&quot;,&quot;navigation&quot;:&quot;both&quot;,&quot;autoplay&quot;:&quot;yes&quot;,&quot;pause_on_hover&quot;:&quot;yes&quot;,&quot;pause_on_interaction&quot;:&quot;yes&quot;,&quot;autoplay_speed&quot;:5000,&quot;infinite&quot;:&quot;yes&quot;,&quot;effect&quot;:&quot;slide&quot;,&quot;speed&quot;:500}\" data-widget_type=\"image-carousel.default\">\n\t\t\t\t<div class=\"elementor-widget-container\">\n\t\t\t\t\t<div class=\"elementor-image-carousel-wrapper swiper\" dir=\"ltr\">\n\t\t\t<div class=\"elementor-image-carousel swiper-wrapper\" aria-live=\"off\">\n\t\t\t\t\t\t\t\t<div class=\"swiper-slide\" role=\"group\" aria-roledescription=\"slide\" aria-label=\"1 von 5\"><figure class=\"swiper-slide-inner\"><img decoding=\"async\" class=\"swiper-slide-image\" src=\"https:\/\/www.region-schwabach.de\/wordpress\/wp-content\/uploads\/2017\/06\/burgersgarten-326x245.jpg\" alt=\"Burgersgarten Schwabach\" \/><\/figure><\/div><div class=\"swiper-slide\" role=\"group\" aria-roledescription=\"slide\" aria-label=\"2 von 5\"><figure class=\"swiper-slide-inner\"><img decoding=\"async\" class=\"swiper-slide-image\" src=\"https:\/\/www.region-schwabach.de\/wordpress\/wp-content\/uploads\/2017\/06\/biergarten-326x245.jpg\" alt=\"Biergarten\" \/><\/figure><\/div><div class=\"swiper-slide\" role=\"group\" aria-roledescription=\"slide\" aria-label=\"3 von 5\"><figure class=\"swiper-slide-inner\"><img decoding=\"async\" class=\"swiper-slide-image\" src=\"https:\/\/www.region-schwabach.de\/wordpress\/wp-content\/uploads\/2017\/06\/wirtshaus-326x245.jpg\" alt=\"Wirtshaus\" \/><\/figure><\/div><div class=\"swiper-slide\" role=\"group\" aria-roledescription=\"slide\" aria-label=\"4 von 5\"><figure class=\"swiper-slide-inner\"><img decoding=\"async\" class=\"swiper-slide-image\" src=\"https:\/\/www.region-schwabach.de\/wordpress\/wp-content\/uploads\/2017\/06\/konzert-326x245.jpg\" alt=\"Konzert\" \/><\/figure><\/div><div class=\"swiper-slide\" role=\"group\" aria-roledescription=\"slide\" aria-label=\"5 von 5\"><figure class=\"swiper-slide-inner\"><img decoding=\"async\" class=\"swiper-slide-image\" src=\"https:\/\/www.region-schwabach.de\/wordpress\/wp-content\/uploads\/2017\/06\/familienfest-326x245.jpg\" alt=\"Familienfest\" \/><\/figure><\/div>\t\t\t<\/div>\n\t\t\t\t\t\t\t\t\t\t\t\t<div class=\"elementor-swiper-button elementor-swiper-button-prev\" role=\"button\" tabindex=\"0\">\n\t\t\t\t\t\t<i aria-hidden=\"true\" class=\"eicon-chevron-left\"><\/i>\t\t\t\t\t<\/div>\n\t\t\t\t\t<div class=\"elementor-swiper-button elementor-swiper-button-next\" role=\"button\" tabindex=\"0\">\n\t\t\t\t\t\t<i aria-hidden=\"true\" class=\"eicon-chevron-right\"><\/i>\t\t\t\t\t<\/div>\n\t\t\t\t\n\t\t\t\t\t\t\t\t\t<div class=\"swiper-pagination\"><\/div>\n\t\t\t\t\t\t\t\t\t<\/div>\n\t\t\t\t<\/div>\n\t\t\t\t<\/div>\n\t\t\t\t<div class=\"elementor-element elementor-element-pjwjyec elementor-widget-divider--view-line elementor-widget elementor-widget-divider\" data-id=\"pjwjyec\" data-element_type=\"widget\" data-widget_type=\"divider.default\">\n\t\t\t\t<div class=\"elementor-widget-container\">\n\t\t\t\t\t<div class=\"elementor-divider\">\n\t\t\t<span class=\"elementor-divider-separator\">\n\t\t\t\t\t\t<\/span>\n\t\t<\/div>\n\t\t\t\t<\/div>\n\t\t\t\t<\/div>\n\t\t\t\t<div class=\"elementor-element elementor-element-aflzpwh elementor-widget elementor-widget-heading\" data-id=\"aflzpwh\" data-element_type=\"widget\" data-widget_type=\"heading.default\">\n\t\t\t\t<div class=\"elementor-widget-container\">\n\t\t\t<h2 class=\"elementor-heading-title elementor-size-default\">Bildergalerie<\/h2>\t\t<\/div>\n\t\t\t\t<\/div>\n\t\t\t\t<div class=\"elementor-element elementor-element-xvdblca elementor-widget elementor-widget-image-gallery\" data-id=\"xvdblca\" data-element_type=\"widget\" data-widget_type=\"image-gallery.default\">\n\t\t\t\t<div class=\"elementor-widget-container\">\n\t\t\t\t\t<div class=\"elementor-image-gallery\">\n\t\t\t<div id='gallery-1' class='gallery galleryid-2401 gallery-columns-3 gallery-size-mh-magazine-medium'><figure class='gallery-item'>\n\t\t\t<div class='gallery-icon landscape'>\n\t\t\t\t<a data-elementor-open-lightbox=\"yes\" data-elementor-lightbox-slideshow=\"xvdblca\" data-elementor-lightbox-title=\"burgersgarten\" data-e-action-hash=\"#elementor-action%3Aaction%3Dlightbox%26settings%3DeyJpZCI6MjQwNiwidXJsIjoiaHR0cHM6XC9cL3d3dy5yZWdpb24tc2Nod2FiYWNoLmRlXC93b3JkcHJlc3NcL3dwLWNvbnRlbnRcL3VwbG9hZHNcLzIwMTdcLzA2XC9idXJnZXJzZ2FydGVuLmpwZyIsInNsaWRlc2hvdyI6Inh2ZGJsY2EifQ%3D%3D\" href='https:\/\/www.region-schwabach.de\/wordpress\/wp-content\/uploads\/2017\/06\/burgersgarten.jpg'><img decoding=\"async\" width=\"326\" height=\"245\" src=\"https:\/\/www.region-schwabach.de\/wordpress\/wp-content\/uploads\/2017\/06\/burgersgarten-326x245.jpg\" class=\"attachment-mh-magazine-medium size-mh-magazine-medium\" alt=\"\" aria-describedby=\"gallery-1-2406\" srcset=\"https:\/\/www.region-schwabach.de\/wordpress\/wp-content\/uploads\/2017\/06\/burgersgarten-326x245.jpg 326w, https:\/\/www.region-schwabach.de\/wordpress\/wp-content\/uploads\/2017\/06\/burgersgarten-678x509.jpg 678w, https:\/\/www.region-schwabach.de\/wordpress\/wp-content\/uploads\/2017\/06\/burgersgarten-80x60.jpg 80w\" sizes=\"(max-width: 326px) 100vw, 326px\" \/><\/a>\n\t\t\t<\/div>\n\t\t\t\t<figcaption class='wp-caption-text gallery-caption' id='gallery-1-2406'>\n\t\t\t\tBurgersgarten Schwabach\n\t\t\t\t<\/figcaption><\/figure><figure class='gallery-item'>\n\t\t\t<div class='gallery-icon landscape'>\n\t\t\t\t<a data-elementor-open-lightbox=\"yes\" data-elementor-lightbox-slideshow=\"xvdblca\" data-elementor-lightbox-title=\"biergarten\" data-e-action-hash=\"#elementor-action%3Aaction%3Dlightbox%26settings%3DeyJpZCI6MjQwOSwidXJsIjoiaHR0cHM6XC9cL3d3dy5yZWdpb24tc2Nod2FiYWNoLmRlXC93b3JkcHJlc3NcL3dwLWNvbnRlbnRcL3VwbG9hZHNcLzIwMTdcLzA2XC9iaWVyZ2FydGVuLmpwZyIsInNsaWRlc2hvdyI6Inh2ZGJsY2EifQ%3D%3D\" href='https:\/\/www.region-schwabach.de\/wordpress\/wp-content\/uploads\/2017\/06\/biergarten.jpg'><img decoding=\"async\" width=\"326\" height=\"245\" src=\"https:\/\/www.region-schwabach.de\/wordpress\/wp-content\/uploads\/2017\/06\/biergarten-326x245.jpg\" class=\"attachment-mh-magazine-medium size-mh-magazine-medium\" alt=\"\" aria-describedby=\"gallery-1-2409\" srcset=\"https:\/\/www.region-schwabach.de\/wordpress\/wp-content\/uploads\/2017\/06\/biergarten-326x245.jpg 326w, https:\/\/www.region-schwabach.de\/wordpress\/wp-content\/uploads\/2017\/06\/biergarten-678x509.jpg 678w, https:\/\/www.region-schwabach.de\/wordpress\/wp-content\/uploads\/2017\/06\/biergarten-80x60.jpg 80w\" sizes=\"(max-width: 326px) 100vw, 326px\" \/><\/a>\n\t\t\t<\/div>\n\t\t\t\t<figcaption class='wp-caption-text gallery-caption' id='gallery-1-2409'>\n\t\t\t\tBiergarten\n\t\t\t\t<\/figcaption><\/figure><figure class='gallery-item'>\n\t\t\t<div class='gallery-icon portrait'>\n\t\t\t\t<a data-elementor-open-lightbox=\"yes\" data-elementor-lightbox-slideshow=\"xvdblca\" data-elementor-lightbox-title=\"wirtshaus\" data-e-action-hash=\"#elementor-action%3Aaction%3Dlightbox%26settings%3DeyJpZCI6MjQxMCwidXJsIjoiaHR0cHM6XC9cL3d3dy5yZWdpb24tc2Nod2FiYWNoLmRlXC93b3JkcHJlc3NcL3dwLWNvbnRlbnRcL3VwbG9hZHNcLzIwMTdcLzA2XC93aXJ0c2hhdXMuanBnIiwic2xpZGVzaG93IjoieHZkYmxjYSJ9\" href='https:\/\/www.region-schwabach.de\/wordpress\/wp-content\/uploads\/2017\/06\/wirtshaus.jpg'><img loading=\"lazy\" decoding=\"async\" width=\"326\" height=\"245\" src=\"https:\/\/www.region-schwabach.de\/wordpress\/wp-content\/uploads\/2017\/06\/wirtshaus-326x245.jpg\" class=\"attachment-mh-magazine-medium size-mh-magazine-medium\" alt=\"\" aria-describedby=\"gallery-1-2410\" srcset=\"https:\/\/www.region-schwabach.de\/wordpress\/wp-content\/uploads\/2017\/06\/wirtshaus-326x245.jpg 326w, https:\/\/www.region-schwabach.de\/wordpress\/wp-content\/uploads\/2017\/06\/wirtshaus-678x509.jpg 678w, https:\/\/www.region-schwabach.de\/wordpress\/wp-content\/uploads\/2017\/06\/wirtshaus-80x60.jpg 80w\" sizes=\"(max-width: 326px) 100vw, 326px\" \/><\/a>\n\t\t\t<\/div>\n\t\t\t\t<figcaption class='wp-caption-text gallery-caption' id='gallery-1-2410'>\n\t\t\t\tWirtshaus\n\t\t\t\t<\/figcaption><\/figure><figure class='gallery-item'>\n\t\t\t<div class='gallery-icon landscape'>\n\t\t\t\t<a data-elementor-open-lightbox=\"yes\" data-elementor-lightbox-slideshow=\"xvdblca\" data-elementor-lightbox-title=\"konzert\" data-e-action-hash=\"#elementor-action%3Aaction%3Dlightbox%26settings%3DeyJpZCI6MjQxMSwidXJsIjoiaHR0cHM6XC9cL3d3dy5yZWdpb24tc2Nod2FiYWNoLmRlXC93b3JkcHJlc3NcL3dwLWNvbnRlbnRcL3VwbG9hZHNcLzIwMTdcLzA2XC9rb256ZXJ0LmpwZyIsInNsaWRlc2hvdyI6Inh2ZGJsY2EifQ%3D%3D\" href='https:\/\/www.region-schwabach.de\/wordpress\/wp-content\/uploads\/2017\/06\/konzert.jpg'><img loading=\"lazy\" decoding=\"async\" width=\"326\" height=\"245\" src=\"https:\/\/www.region-schwabach.de\/wordpress\/wp-content\/uploads\/2017\/06\/konzert-326x245.jpg\" class=\"attachment-mh-magazine-medium size-mh-magazine-medium\" alt=\"\" aria-describedby=\"gallery-1-2411\" srcset=\"https:\/\/www.region-schwabach.de\/wordpress\/wp-content\/uploads\/2017\/06\/konzert-326x245.jpg 326w, https:\/\/www.region-schwabach.de\/wordpress\/wp-content\/uploads\/2017\/06\/konzert-678x509.jpg 678w, https:\/\/www.region-schwabach.de\/wordpress\/wp-content\/uploads\/2017\/06\/konzert-80x60.jpg 80w\" sizes=\"(max-width: 326px) 100vw, 326px\" \/><\/a>\n\t\t\t<\/div>\n\t\t\t\t<figcaption class='wp-caption-text gallery-caption' id='gallery-1-2411'>\n\t\t\t\tKonzert\n\t\t\t\t<\/figcaption><\/figure><figure class='gallery-item'>\n\t\t\t<div class='gallery-icon landscape'>\n\t\t\t\t<a data-elementor-open-lightbox=\"yes\" data-elementor-lightbox-slideshow=\"xvdblca\" data-elementor-lightbox-title=\"familienfest\" data-e-action-hash=\"#elementor-action%3Aaction%3Dlightbox%26settings%3DeyJpZCI6MjQxMiwidXJsIjoiaHR0cHM6XC9cL3d3dy5yZWdpb24tc2Nod2FiYWNoLmRlXC93b3JkcHJlc3NcL3dwLWNvbnRlbnRcL3VwbG9hZHNcLzIwMTdcLzA2XC9mYW1pbGllbmZlc3QuanBnIiwic2xpZGVzaG93IjoieHZkYmxjYSJ9\" href='https:\/\/www.region-schwabach.de\/wordpress\/wp-content\/uploads\/2017\/06\/familienfest.jpg'><img loading=\"lazy\" decoding=\"async\" width=\"326\" height=\"245\" src=\"https:\/\/www.region-schwabach.de\/wordpress\/wp-content\/uploads\/2017\/06\/familienfest-326x245.jpg\" class=\"attachment-mh-magazine-medium size-mh-magazine-medium\" alt=\"\" aria-describedby=\"gallery-1-2412\" srcset=\"https:\/\/www.region-schwabach.de\/wordpress\/wp-content\/uploads\/2017\/06\/familienfest-326x245.jpg 326w, https:\/\/www.region-schwabach.de\/wordpress\/wp-content\/uploads\/2017\/06\/familienfest-678x509.jpg 678w, https:\/\/www.region-schwabach.de\/wordpress\/wp-content\/uploads\/2017\/06\/familienfest-80x60.jpg 80w\" sizes=\"(max-width: 326px) 100vw, 326px\" \/><\/a>\n\t\t\t<\/div>\n\t\t\t\t<figcaption class='wp-caption-text gallery-caption' id='gallery-1-2412'>\n\t\t\t\tFamilienfest\n\t\t\t\t<\/figcaption><\/figure>\n\t\t<\/div>\n\t\t<\/div>\n\t\t\t\t<\/div>\n\t\t\t\t<\/div>\n\t\t\t\t<div class=\"elementor-element elementor-element-59399ls elementor-widget-divider--view-line elementor-widget elementor-widget-divider\" data-id=\"59399ls\" data-element_type=\"widget\" data-widget_type=\"divider.default\">\n\t\t\t\t<div class=\"elementor-widget-container\">\n\t\t\t\t\t<div class=\"elementor-divider\">\n\t\t\t<span class=\"elementor-divider-separator\">\n\t\t\t\t\t\t<\/span>\n\t\t<\/div>\n\t\t\t\t<\/div>\n\t\t\t\t<\/div>\n\t\t\t\t<div class=\"elementor-element elementor-element-f9cs0io elementor-widget elementor-widget-heading\" data-id=\"f9cs0io\" data-element_type=\"widget\" data-widget_type=\"heading.default\">\n\t\t\t\t<div class=\"elementor-widget-container\">\n\t\t\t<h2 class=\"elementor-heading-title elementor-size-default\">Speisekarte<\/h2>\t\t<\/div>\n\t\t\t\t<\/div>\n\t\t\t\t<div class=\"elementor-element elementor-element-gc7t0g5 elementor-tabs-view-horizontal elementor-widget elementor-widget-tabs\" data-id=\"gc7t0g5\" data-element_type=\"widget\" data-widget_type=\"tabs.default\">\n\t\t\t\t<div class=\"elementor-widget-container\">\n\t\t\t\t\t<div class=\"elementor-tabs\">\n\t\t\t<div class=\"elementor-tabs-wrapper\" role=\"tablist\" >\n\t\t\t\t\t\t\t\t\t<div id=\"elementor-tab-title-5091\" class=\"elementor-tab-title elementor-tab-desktop-title\" aria-selected=\"true\" data-tab=\"1\" role=\"tab\" tabindex=\"0\" aria-controls=\"elementor-tab-content-5091\" aria-expanded=\"false\">Biergarten<\/div>\n\t\t\t\t\t\t\t\t\t<div id=\"elementor-tab-title-5092\" class=\"elementor-tab-title elementor-tab-desktop-title\" aria-selected=\"false\" data-tab=\"2\" role=\"tab\" tabindex=\"-1\" aria-controls=\"elementor-tab-content-5092\" aria-expanded=\"false\">Wilderer-Stube<\/div>\n\t\t\t\t\t\t\t\t\t<div id=\"elementor-tab-title-5093\" class=\"elementor-tab-title elementor-tab-desktop-title\" aria-selected=\"false\" data-tab=\"3\" role=\"tab\" tabindex=\"-1\" aria-controls=\"elementor-tab-content-5093\" aria-expanded=\"false\">Getr\u00e4nke<\/div>\n\t\t\t\t\t\t\t<\/div>\n\t\t\t<div class=\"elementor-tabs-content-wrapper\" role=\"tablist\" aria-orientation=\"vertical\">\n\t\t\t\t\t\t\t\t\t<div class=\"elementor-tab-title elementor-tab-mobile-title\" aria-selected=\"true\" data-tab=\"1\" role=\"tab\" tabindex=\"0\" aria-controls=\"elementor-tab-content-5091\" aria-expanded=\"false\">Biergarten<\/div>\n\t\t\t\t\t<div id=\"elementor-tab-content-5091\" class=\"elementor-tab-content elementor-clearfix\" data-tab=\"1\" role=\"tabpanel\" aria-labelledby=\"elementor-tab-title-5091\" tabindex=\"0\" hidden=\"false\"><table><tbody><tr><td><strong>Vesper<\/strong><\/td><td>\u00a0<\/td><\/tr><tr><td>Hausgemachte Sulze mit Brot<\/td><td>6,50 \u20ac<\/td><\/tr><tr><td>Burgersgarten Brotzeitteller<\/td><td>8,30 \u20ac<\/td><\/tr><tr><td>Obatzter mit hausgemachtem Brot<\/td><td>6,20 \u20ac<\/td><\/tr><tr><td>Stadtwurst mit Musik<\/td><td>6,30 \u20ac<\/td><\/tr><tr><td>K\u00e4seteller mit hausgemachtem Brot<\/td><td>7,20 \u20ac<\/td><\/tr><tr><td>Schmalzbrot<\/td><td>2,50 \u20ac<\/td><\/tr><tr><td><strong>Aus der Pfanne<\/strong><\/td><td>\u00a0<\/td><\/tr><tr><td>Zwei Bratw\u00fcrste mit Kraut<\/td><td>5,90 \u20ac<\/td><\/tr><tr><td>Drei Bratw\u00fcrste mit Krau<\/td><td>6,90 \u20ac<\/td><\/tr><tr><td>Schnitzel Wiener Art mit Pommes<\/td><td>8,60 \u20ac<\/td><\/tr><tr><td>Cordon Bleu mit Pommes<\/td><td>9,20 \u20ac<\/td><\/tr><tr><td>K\u00e4sesp\u00e4tzle mit R\u00f6stzwiebeln<\/td><td>6,50 \u20ac<\/td><\/tr><tr><td><strong>Salate<\/strong><\/td><td>\u00a0<\/td><\/tr><tr><td>Salat mit Putenbruststreifen<\/td><td>7,10 \u20ac<\/td><\/tr><tr><td>Bauernsalat mit K\u00e4sestreifen<\/td><td>5,90 \u20ac<\/td><\/tr><tr><td>Bunter Salat mit gebratenen Champignon<\/td><td>6,10 \u20ac<\/td><\/tr><\/tbody><\/table><\/div>\n\t\t\t\t\t\t\t\t\t<div class=\"elementor-tab-title elementor-tab-mobile-title\" aria-selected=\"false\" data-tab=\"2\" role=\"tab\" tabindex=\"-1\" aria-controls=\"elementor-tab-content-5092\" aria-expanded=\"false\">Wilderer-Stube<\/div>\n\t\t\t\t\t<div id=\"elementor-tab-content-5092\" class=\"elementor-tab-content elementor-clearfix\" data-tab=\"2\" role=\"tabpanel\" aria-labelledby=\"elementor-tab-title-5092\" tabindex=\"0\" hidden=\"hidden\"><table><tbody><tr><td><strong>Suppen<\/strong><\/td><td>\u00a0<\/td><\/tr><tr><td>Gem\u00fcsebr\u00fche mit Fl\u00e4dle<\/td><td>3,00 \u20ac<\/td><\/tr><tr><td>Gem\u00fcsecremesuppe mit Croutons<\/td><td>3,50 \u20ac<\/td><\/tr><tr><td><strong>Aus der Pfanne<\/strong><\/td><td>\u00a0<\/td><\/tr><tr><td>Zwei Bratw\u00fcrste mit Kraut<\/td><td>5,90 \u20ac<\/td><\/tr><tr><td>Drei Bratw\u00fcrste mit Krau<\/td><td>6,90 \u20ac<\/td><\/tr><tr><td>Schnitzel Wiener Art mit Pommes<\/td><td>8,60 \u20ac<\/td><\/tr><tr><td>Cordon Bleu mit Pommes<\/td><td>9,20 \u20ac<\/td><\/tr><tr><td>K\u00e4sesp\u00e4tzle mit R\u00f6stzwiebeln<\/td><td>6,50 \u20ac<\/td><\/tr><tr><td><strong>Aus dem Ofen<\/strong><\/td><td>\u00a0<\/td><\/tr><tr><td>Schweinebraten mit Klo\u00df<\/td><td>8,60 \u20ac<\/td><\/tr><tr><td>J\u00e4gerbraten mit Klo\u00df<\/td><td>9,10 \u20ac<\/td><\/tr><tr><td>Sauerbraten vom Rind mit Klo\u00df<\/td><td>9,40 \u20ac<\/td><\/tr><tr><td><strong>Salate<\/strong><\/td><td>\u00a0<\/td><\/tr><tr><td>Salat mit Putenbruststreifen<\/td><td>7,10 \u20ac<\/td><\/tr><tr><td>Bauernsalat mit K\u00e4sestreifen<\/td><td>5,90 \u20ac<\/td><\/tr><tr><td>Bunter Salat mit gebratenen Champignon<\/td><td>6,10 \u20ac<\/td><\/tr><\/tbody><\/table><\/div>\n\t\t\t\t\t\t\t\t\t<div class=\"elementor-tab-title elementor-tab-mobile-title\" aria-selected=\"false\" data-tab=\"3\" role=\"tab\" tabindex=\"-1\" aria-controls=\"elementor-tab-content-5093\" aria-expanded=\"false\">Getr\u00e4nke<\/div>\n\t\t\t\t\t<div id=\"elementor-tab-content-5093\" class=\"elementor-tab-content elementor-clearfix\" data-tab=\"3\" role=\"tabpanel\" aria-labelledby=\"elementor-tab-title-5093\" tabindex=\"0\" hidden=\"hidden\"><table><tbody><tr><td><strong>Bier<\/strong><\/td><\/tr><tr><td>Spalter Hell<br \/>Spalter Dunkel<br \/>Spalter Pils<br \/>Spalter Alkoholfreie<br \/>Spalter Weizen<br \/>Radler<br \/>Pyraser Rotbier<br \/>Pyraser Kellerbier naturtr\u00fcb<br \/>Gutmann Weizen<br \/>Gutmann Weizen dunkel<\/td><\/tr><tr><td><strong>Wein<\/strong><\/td><\/tr><tr><td>Verschiedene Rotweine aus der Region 0,25l<br \/>Verschiedene Wei\u00dfweine aus der Region 0,25l<br \/>Gerne bieten wir Ihnen unsere ausgew\u00e4hlten Weine auch als Schorle an<\/td><\/tr><tr><td><strong>Saft oder Schorle<\/strong><\/td><\/tr><tr><td>Pyraser Apfelschorle 55%<br \/>Johannisbeersaft<br \/>Traubensaft<br \/>Maracuja Nektar<br \/>Orangensaft<\/td><\/tr><tr><td><strong>Alkoholfreie Getr\u00e4nke<\/strong><\/td><\/tr><tr><td>Pyraser Wasser Spritzig<br \/>Pyraser Wasser Still<br \/>Pyraser Cola<br \/>Pyraser Cola light<br \/>Pyraser Orangenlimonade<br \/>Pyraser Zitronenlimonade<br \/>Pyraser Cola Mix<\/td><\/tr><tr><td><strong>Hei\u00dfe Getr\u00e4nke<\/strong><\/td><\/tr><tr><td>Tasse Kaffee<br \/>Cappuccino<br \/>Espresso<br \/>Doppelter Espresso<br \/>Glas Tee verschiedene Sorten<\/td><\/tr><tr><td><strong>Schn\u00e4pse<\/strong><\/td><\/tr><tr><td>Williams Birne<br \/>Obstler<br \/>Mirabelle<br \/>Haselnuss<\/td><\/tr><\/tbody><\/table><p>\u00a0<\/p><\/div>\n\t\t\t\t\t\t\t<\/div>\n\t\t<\/div>\n\t\t\t\t<\/div>\n\t\t\t\t<\/div>\n\t\t\t\t\t<\/div>\n\t\t<\/div>\n\t\t\t\t<div class=\"elementor-column elementor-col-33 elementor-top-column elementor-element elementor-element-raisaxc\" data-id=\"raisaxc\" data-element_type=\"column\">\n\t\t\t<div class=\"elementor-widget-wrap elementor-element-populated\">\n\t\t\t\t\t\t<div class=\"elementor-element elementor-element-rqemsoi elementor-widget elementor-widget-image\" data-id=\"rqemsoi\" data-element_type=\"widget\" data-widget_type=\"image.default\">\n\t\t\t\t<div class=\"elementor-widget-container\">\n\t\t\t\t\t\t\t\t\t\t\t\t\t<img loading=\"lazy\" decoding=\"async\" width=\"300\" height=\"169\" src=\"https:\/\/www.region-schwabach.de\/wordpress\/wp-content\/uploads\/2017\/06\/burgersgarten-300x169.jpg\" class=\"attachment-medium size-medium wp-image-2406\" alt=\"\" srcset=\"https:\/\/www.region-schwabach.de\/wordpress\/wp-content\/uploads\/2017\/06\/burgersgarten-300x169.jpg 300w, https:\/\/www.region-schwabach.de\/wordpress\/wp-content\/uploads\/2017\/06\/burgersgarten-768x432.jpg 768w, https:\/\/www.region-schwabach.de\/wordpress\/wp-content\/uploads\/2017\/06\/burgersgarten-1024x576.jpg 1024w, https:\/\/www.region-schwabach.de\/wordpress\/wp-content\/uploads\/2017\/06\/burgersgarten-600x338.jpg 600w, https:\/\/www.region-schwabach.de\/wordpress\/wp-content\/uploads\/2017\/06\/burgersgarten-678x381.jpg 678w, https:\/\/www.region-schwabach.de\/wordpress\/wp-content\/uploads\/2017\/06\/burgersgarten.jpg 2048w\" sizes=\"(max-width: 300px) 100vw, 300px\" \/>\t\t\t\t\t\t\t\t\t\t\t\t\t<\/div>\n\t\t\t\t<\/div>\n\t\t\t\t<div class=\"elementor-element elementor-element-zzxdlni elementor-widget elementor-widget-heading\" data-id=\"zzxdlni\" data-element_type=\"widget\" data-widget_type=\"heading.default\">\n\t\t\t\t<div class=\"elementor-widget-container\">\n\t\t\t<h2 class=\"elementor-heading-title elementor-size-default\">Kontakt<\/h2>\t\t<\/div>\n\t\t\t\t<\/div>\n\t\t\t\t<div class=\"elementor-element elementor-element-fwgoesc elementor-widget elementor-widget-text-editor\" data-id=\"fwgoesc\" data-element_type=\"widget\" data-widget_type=\"text-editor.default\">\n\t\t\t\t<div class=\"elementor-widget-container\">\n\t\t\t\t\t\t\t<table style=\"width: 300px;\"><tbody><tr><td><strong><span style=\"color: #808080;\">Anschrift<\/span><\/strong><br \/><br \/><\/td><td><span style=\"color: #808080;\">Badstra\u00dfe 24<\/span><br \/><span style=\"color: #808080;\">91126 Schwabach<\/span><\/td><\/tr><tr><td><strong><span style=\"color: #808080;\">Telefon<\/span><\/strong><br \/><strong><span style=\"color: #808080;\">Fax<\/span><\/strong><\/td><td><span style=\"color: #808080;\">09122-8896190<\/span><br \/><br \/><\/td><\/tr><tr><td><strong><span style=\"color: #808080;\">Internet<\/span><\/strong><br \/><strong><span style=\"color: #808080;\">eMail<\/span><\/strong><\/td><td><span style=\"color: #808080;\"><a href=\"http:\/\/burgersgarten.de\/\">www.region-schwabach.de<\/a><\/span><br \/><span style=\"color: #808080;\"><a href=\"mailto:office@burgersgarten.de\">office@burgersgarten.de<\/a><\/span><\/td><\/tr><tr><td><strong><span style=\"color: #808080;\">Inhaber\/GF<\/span><\/strong><\/td><td><span style=\"color: #808080;\">Holger Stark<\/span><\/td><\/tr><\/tbody><\/table>\t\t\t\t\t\t<\/div>\n\t\t\t\t<\/div>\n\t\t\t\t<div class=\"elementor-element elementor-element-whmzfwz elementor-widget-divider--view-line elementor-widget elementor-widget-divider\" data-id=\"whmzfwz\" data-element_type=\"widget\" data-widget_type=\"divider.default\">\n\t\t\t\t<div class=\"elementor-widget-container\">\n\t\t\t\t\t<div class=\"elementor-divider\">\n\t\t\t<span class=\"elementor-divider-separator\">\n\t\t\t\t\t\t<\/span>\n\t\t<\/div>\n\t\t\t\t<\/div>\n\t\t\t\t<\/div>\n\t\t\t\t<div class=\"elementor-element elementor-element-rasaqjz elementor-widget elementor-widget-heading\" data-id=\"rasaqjz\" data-element_type=\"widget\" data-widget_type=\"heading.default\">\n\t\t\t\t<div class=\"elementor-widget-container\">\n\t\t\t<h2 class=\"elementor-heading-title elementor-size-default\">\u00d6ffnungszeiten<\/h2>\t\t<\/div>\n\t\t\t\t<\/div>\n\t\t\t\t<div class=\"elementor-element elementor-element-ehpitgi elementor-widget elementor-widget-text-editor\" data-id=\"ehpitgi\" data-element_type=\"widget\" data-widget_type=\"text-editor.default\">\n\t\t\t\t<div class=\"elementor-widget-container\">\n\t\t\t\t\t\t\t<table style=\"width: 300px;\"><tbody><tr style=\"height: 24px;\"><td style=\"height: 24px;\">\u00a0<\/td><td style=\"height: 24px; text-align: center;\">April &#8211;<br \/>Oktober<\/td><td style=\"height: 24px; text-align: center;\">November &#8211;<br \/>M\u00e4rz<\/td><\/tr><tr style=\"height: 24px;\"><td style=\"height: 24px;\">Montag<\/td><td style=\"height: 24px; text-align: center;\">11.00-22.00<\/td><td style=\"height: 24px; text-align: center;\">&#8212;&#8211;<\/td><\/tr><tr style=\"height: 24px;\"><td style=\"height: 24px;\">Dienstag<\/td><td style=\"height: 24px; text-align: center;\">11.00-22.00<\/td><td style=\"height: 24px; text-align: center;\">&#8212;&#8211;<\/td><\/tr><tr style=\"height: 24px;\"><td style=\"height: 24px;\">Mittwoch<\/td><td style=\"height: 24px; text-align: center;\">11.00-22.00<\/td><td style=\"height: 24px; text-align: center;\">&#8212;&#8211;<\/td><\/tr><tr style=\"height: 24px;\"><td style=\"height: 24px;\">Donnerstag<\/td><td style=\"height: 24px; text-align: center;\">11.00-22.00<\/td><td style=\"height: 24px; text-align: center;\">&#8212;&#8211;<\/td><\/tr><tr style=\"height: 24px;\"><td style=\"height: 24px;\">Freitag<\/td><td style=\"height: 24px; text-align: center;\">11.00-22.00<\/td><td style=\"height: 24px; text-align: center;\">11.00-22.00<\/td><\/tr><tr style=\"height: 24px;\"><td style=\"height: 24px;\">Samstag<\/td><td style=\"height: 24px; text-align: center;\">11.00-22.00<\/td><td style=\"height: 24px; text-align: center;\">11.00-22.00<\/td><\/tr><tr style=\"height: 24px;\"><td style=\"height: 24px;\">Sonntag<\/td><td style=\"height: 24px; text-align: center;\">11.00-22.00<\/td><td style=\"height: 24px; text-align: center;\">11.00-22.00<\/td><\/tr><\/tbody><\/table><p>Gerne\u00a0stehen wir Ihnen nach Vereinbarung auch ausserhalb dieser Zeiten zur Verf\u00fcgung.<\/p>\t\t\t\t\t\t<\/div>\n\t\t\t\t<\/div>\n\t\t\t\t<div class=\"elementor-element elementor-element-gufuibr elementor-widget-divider--view-line elementor-widget elementor-widget-divider\" data-id=\"gufuibr\" data-element_type=\"widget\" data-widget_type=\"divider.default\">\n\t\t\t\t<div class=\"elementor-widget-container\">\n\t\t\t\t\t<div class=\"elementor-divider\">\n\t\t\t<span class=\"elementor-divider-separator\">\n\t\t\t\t\t\t<\/span>\n\t\t<\/div>\n\t\t\t\t<\/div>\n\t\t\t\t<\/div>\n\t\t\t\t<div class=\"elementor-element elementor-element-mhnzwys elementor-widget elementor-widget-heading\" data-id=\"mhnzwys\" data-element_type=\"widget\" data-widget_type=\"heading.default\">\n\t\t\t\t<div class=\"elementor-widget-container\">\n\t\t\t<h2 class=\"elementor-heading-title elementor-size-default\">Anfahrt<\/h2>\t\t<\/div>\n\t\t\t\t<\/div>\n\t\t\t\t<div class=\"elementor-element elementor-element-rvuuzgy elementor-widget elementor-widget-google_maps\" data-id=\"rvuuzgy\" data-element_type=\"widget\" data-widget_type=\"google_maps.default\">\n\t\t\t\t<div class=\"elementor-widget-container\">\n\t\t\t\t\t<div class=\"elementor-custom-embed\">\n\t\t\t<iframe loading=\"lazy\"\n\t\t\t\t\tsrc=\"https:\/\/maps.google.com\/maps?q=Badstr.%2024%2C%20Schwabach%2C%20Deutschland&#038;t=m&#038;z=15&#038;output=embed&#038;iwloc=near\"\n\t\t\t\t\ttitle=\"Badstr. 24, Schwabach, Deutschland\"\n\t\t\t\t\taria-label=\"Badstr. 24, Schwabach, Deutschland\"\n\t\t\t><\/iframe>\n\t\t<\/div>\n\t\t\t\t<\/div>\n\t\t\t\t<\/div>\n\t\t\t\t<div class=\"elementor-element elementor-element-6qrnzse elementor-widget-divider--view-line elementor-widget elementor-widget-divider\" data-id=\"6qrnzse\" data-element_type=\"widget\" data-widget_type=\"divider.default\">\n\t\t\t\t<div class=\"elementor-widget-container\">\n\t\t\t\t\t<div class=\"elementor-divider\">\n\t\t\t<span class=\"elementor-divider-separator\">\n\t\t\t\t\t\t<\/span>\n\t\t<\/div>\n\t\t\t\t<\/div>\n\t\t\t\t<\/div>\n\t\t\t\t<div class=\"elementor-element elementor-element-ry9ldog elementor-widget elementor-widget-heading\" data-id=\"ry9ldog\" data-element_type=\"widget\" data-widget_type=\"heading.default\">\n\t\t\t\t<div class=\"elementor-widget-container\">\n\t\t\t<h2 class=\"elementor-heading-title elementor-size-default\">Sonderaktionen<\/h2>\t\t<\/div>\n\t\t\t\t<\/div>\n\t\t\t\t<div class=\"elementor-element elementor-element-3za8udc elementor-widget elementor-widget-text-editor\" data-id=\"3za8udc\" data-element_type=\"widget\" data-widget_type=\"text-editor.default\">\n\t\t\t\t<div class=\"elementor-widget-container\">\n\t\t\t\t\t\t\t<table><tbody><tr><td><strong>Schaschlik<\/strong><\/td><td>Jeden Freitag ist im Biergarten der <strong>&#8222;Schaschlik-Tag&#8220;<\/strong> angesagt. Dann gibt es Schaschlik mit Pommes Frites f\u00fcr 5,50 \u20ac.<\/td><\/tr><tr><td><strong>Sch\u00e4ufele<\/strong><\/td><td>Jedes 2. Wochenende im Monat findet in der Wilderer-Stube das <strong>&#8222;Sch\u00e4ufele-Wochenende&#8220;<\/strong> statt. Dann gibt es Sch\u00e4ufele mit Klo\u00df und Salat f\u00fcr 5,- \u20ac.<\/td><\/tr><\/tbody><\/table>\t\t\t\t\t\t<\/div>\n\t\t\t\t<\/div>\n\t\t\t\t\t<\/div>\n\t\t<\/div>\n\t\t\t\t\t<\/div>\n\t\t<\/section>\n\t\t\t\t<\/div>\n\t\t","protected":false},"excerpt":{"rendered":"<div class=\"mh-excerpt\"><p>Das\u00a0Areal Burgersgarten BiergartenWirtshausPrivat- und FirmenfeiernMusikevents Areal Burgersgarten &#8211; Tradition neu erleben \u00a0 Das Areal Burgersgarten umfasst eine Gesamtfl\u00e4che von \u00fcber 6000 m\u00b2. Auf diesem weitreichenden Gel\u00e4nde finden Sie einen Biergarten, ein Wirtshaus, sowie diverse Locations <a class=\"mh-excerpt-more\" href=\"https:\/\/www.region-schwabach.de\/wordpress\/region-schwabach-de\/werben-auf-region-schwabach-de\/unternehmenspraesentationen\/burgersgarten-schwabach\/\" title=\"Burgersgarten Schwabach\">[&#8230;]<\/a><\/p>\n<\/div>","protected":false},"author":1,"featured_media":0,"parent":2399,"menu_order":0,"comment_status":"closed","ping_status":"closed","template":"","meta":{"_cbd_carousel_blocks":"[]","footnotes":""},"class_list":["post-2401","page","type-page","status-publish"],"_links":{"self":[{"href":"https:\/\/www.region-schwabach.de\/wordpress\/wp-json\/wp\/v2\/pages\/2401","targetHints":{"allow":["GET"]}}],"collection":[{"href":"https:\/\/www.region-schwabach.de\/wordpress\/wp-json\/wp\/v2\/pages"}],"about":[{"href":"https:\/\/www.region-schwabach.de\/wordpress\/wp-json\/wp\/v2\/types\/page"}],"author":[{"embeddable":true,"href":"https:\/\/www.region-schwabach.de\/wordpress\/wp-json\/wp\/v2\/users\/1"}],"replies":[{"embeddable":true,"href":"https:\/\/www.region-schwabach.de\/wordpress\/wp-json\/wp\/v2\/comments?post=2401"}],"version-history":[{"count":0,"href":"https:\/\/www.region-schwabach.de\/wordpress\/wp-json\/wp\/v2\/pages\/2401\/revisions"}],"up":[{"embeddable":true,"href":"https:\/\/www.region-schwabach.de\/wordpress\/wp-json\/wp\/v2\/pages\/2399"}],"wp:attachment":[{"href":"https:\/\/www.region-schwabach.de\/wordpress\/wp-json\/wp\/v2\/media?parent=2401"}],"curies":[{"name":"wp","href":"https:\/\/api.w.org\/{rel}","templated":true}]}}