{"id":63137,"date":"2018-10-29T18:41:20","date_gmt":"2018-10-29T17:41:20","guid":{"rendered":"http:\/\/www.region-schwabach.de\/wordpress\/?page_id=63137"},"modified":"2019-01-07T09:48:22","modified_gmt":"2019-01-07T08:48:22","slug":"defibrillatoren","status":"publish","type":"page","link":"https:\/\/www.region-schwabach.de\/wordpress\/service\/defibrillatoren\/","title":{"rendered":"Defibrillatoren"},"content":{"rendered":"\t\t<div data-elementor-type=\"wp-post\" data-elementor-id=\"63137\" class=\"elementor elementor-63137 elementor-bc-flex-widget\">\n\t\t\t\t\t\t<section class=\"elementor-section elementor-top-section elementor-element elementor-element-5a856d8 elementor-section-boxed elementor-section-height-default elementor-section-height-default\" data-id=\"5a856d8\" data-element_type=\"section\">\n\t\t\t\t\t\t<div class=\"elementor-container elementor-column-gap-default\">\n\t\t\t\t\t<div class=\"elementor-column elementor-col-100 elementor-top-column elementor-element elementor-element-19d05ed\" data-id=\"19d05ed\" data-element_type=\"column\">\n\t\t\t<div class=\"elementor-widget-wrap elementor-element-populated\">\n\t\t\t\t\t\t<div class=\"elementor-element elementor-element-21aa04b elementor-widget elementor-widget-image\" data-id=\"21aa04b\" data-element_type=\"widget\" data-widget_type=\"image.default\">\n\t\t\t\t<div class=\"elementor-widget-container\">\n\t\t\t\t\t\t\t\t\t\t\t\t\t<img fetchpriority=\"high\" decoding=\"async\" width=\"960\" height=\"643\" src=\"https:\/\/www.region-schwabach.de\/wordpress\/wp-content\/uploads\/2018\/11\/defibrillator-e1541101595935.jpg\" class=\"attachment-full size-full wp-image-63368\" alt=\"\" \/>\t\t\t\t\t\t\t\t\t\t\t\t\t<\/div>\n\t\t\t\t<\/div>\n\t\t\t\t\t<\/div>\n\t\t<\/div>\n\t\t\t\t\t<\/div>\n\t\t<\/section>\n\t\t\t\t<section class=\"elementor-section elementor-top-section elementor-element elementor-element-2807b06 elementor-section-boxed elementor-section-height-default elementor-section-height-default\" data-id=\"2807b06\" data-element_type=\"section\">\n\t\t\t\t\t\t<div class=\"elementor-container elementor-column-gap-default\">\n\t\t\t\t\t<div class=\"elementor-column elementor-col-66 elementor-top-column elementor-element elementor-element-49b0a03\" data-id=\"49b0a03\" data-element_type=\"column\">\n\t\t\t<div class=\"elementor-widget-wrap elementor-element-populated\">\n\t\t\t\t\t\t<div class=\"elementor-element elementor-element-a12697f elementor-widget elementor-widget-wp-widget-advads_ad_widget\" data-id=\"a12697f\" data-element_type=\"widget\" data-widget_type=\"wp-widget-advads_ad_widget.default\">\n\t\t\t\t<div class=\"elementor-widget-container\">\n\t\t\t<div id=\"regio-2816465754\"><div class=\"regio-adlabel\">Werbung<\/div><!-- Beginn https:\/\/www.financeads.net\/-Code --><a href=\"https:\/\/www.financeads.net\/tc.php?t=36648C19118058B\" target=\"_blank\"><img decoding=\"async\" src=\"https:\/\/www.financeads.net\/tb.php?t=36648V19118058B&https=1\" alt=\"\" border=\"0\" width=\"728\" height=\"90\"><\/a><!-- Ende https:\/\/www.financeads.net\/-Code --><\/div>\t\t<\/div>\n\t\t\t\t<\/div>\n\t\t\t\t<div class=\"elementor-element elementor-element-8a570bd elementor-widget elementor-widget-text-editor\" data-id=\"8a570bd\" data-element_type=\"widget\" data-widget_type=\"text-editor.default\">\n\t\t\t\t<div class=\"elementor-widget-container\">\n\t\t\t\t\t\t\t<p><span style=\"font-size: 12pt;\">Schwabach &#8211; Die Ger\u00e4te mit dem zungenbrecherischen Namen sollen dabei helfen, Leben zu retten. So k\u00f6nnen\u00a0\u00f6ffentlich zug\u00e4ngliche Defibrillatoren in vielen F\u00e4llen den pl\u00f6tzlichen Herztod verhindern helfen, indem sie bei einem Kammerflimmern das Herz eines Patienten wieder zum Schlagen bringen.<\/span><\/p><p><span style=\"font-size: 12pt;\">Die hochmodernen Ger\u00e4t erkennen bereits automatisch die lebensbedrohliche Situation, und geben den Helfenden genaue Anweisungen, wie sie sich verhalten sollen.\u00a0<\/span><\/p><p><span style=\"font-size: 12pt;\">Die Seite zeigt die Standorte installierter\u00a0<strong><em>Defibrillatoren<\/em><\/strong>\u00a0in Schwabach und der Region an, und soll so dabei helfen, schnellstm\u00f6glich den n\u00e4chsten\u00a0Defibrillator zu finden, um im Noffall Menschenleben zu retten.<\/span><\/p><p><span style=\"font-size: 12pt;\">Sie kennen einen\u00a0Defibrillator der hier noch nicht aufgelistet ist, oder haben einen Fehler in den vorhandenen Daten entdeckt? Wir w\u00fcrden uns sehr freuen, wenn Sie uns dar\u00fcber informieren w\u00fcrden, indem Sie uns einfach eine eMail an info@region-schwabach.de senden.<\/span><\/p>\t\t\t\t\t\t<\/div>\n\t\t\t\t<\/div>\n\t\t\t\t\t<\/div>\n\t\t<\/div>\n\t\t\t\t<div class=\"elementor-column elementor-col-33 elementor-top-column elementor-element elementor-element-7b18474\" data-id=\"7b18474\" data-element_type=\"column\">\n\t\t\t<div class=\"elementor-widget-wrap\">\n\t\t\t\t\t\t\t<\/div>\n\t\t<\/div>\n\t\t\t\t\t<\/div>\n\t\t<\/section>\n\t\t\t\t<section class=\"elementor-section elementor-top-section elementor-element elementor-element-ca9833c elementor-section-boxed elementor-section-height-default elementor-section-height-default\" data-id=\"ca9833c\" data-element_type=\"section\">\n\t\t\t\t\t\t<div class=\"elementor-container elementor-column-gap-default\">\n\t\t\t\t\t<div class=\"elementor-column elementor-col-100 elementor-top-column elementor-element elementor-element-179036f\" data-id=\"179036f\" data-element_type=\"column\">\n\t\t\t<div class=\"elementor-widget-wrap elementor-element-populated\">\n\t\t\t\t\t\t<div class=\"elementor-element elementor-element-3a091a7 elementor-widget elementor-widget-shortcode\" data-id=\"3a091a7\" data-element_type=\"widget\" data-widget_type=\"shortcode.default\">\n\t\t\t\t<div class=\"elementor-widget-container\">\n\t\t\t\t\t<div class=\"elementor-shortcode\"><div class=\"gmw-shortcode-widget\"><\/div><\/div>\n\t\t\t\t<\/div>\n\t\t\t\t<\/div>\n\t\t\t\t\t<\/div>\n\t\t<\/div>\n\t\t\t\t\t<\/div>\n\t\t<\/section>\n\t\t\t\t<section class=\"elementor-section elementor-top-section elementor-element elementor-element-4f1def8 elementor-section-boxed elementor-section-height-default elementor-section-height-default\" data-id=\"4f1def8\" data-element_type=\"section\">\n\t\t\t\t\t\t<div class=\"elementor-container elementor-column-gap-default\">\n\t\t\t\t\t<div class=\"elementor-column elementor-col-50 elementor-top-column elementor-element elementor-element-68b216c\" data-id=\"68b216c\" data-element_type=\"column\">\n\t\t\t<div class=\"elementor-widget-wrap elementor-element-populated\">\n\t\t\t\t\t\t<div class=\"elementor-element elementor-element-272808c elementor-widget elementor-widget-toggle\" data-id=\"272808c\" data-element_type=\"widget\" data-widget_type=\"toggle.default\">\n\t\t\t\t<div class=\"elementor-widget-container\">\n\t\t\t\t\t<div class=\"elementor-toggle\">\n\t\t\t\t\t\t\t<div class=\"elementor-toggle-item\">\n\t\t\t\t\t<div id=\"elementor-tab-title-4101\" class=\"elementor-tab-title\" data-tab=\"1\" role=\"button\" aria-controls=\"elementor-tab-content-4101\" aria-expanded=\"false\">\n\t\t\t\t\t\t\t\t\t\t\t\t<span class=\"elementor-toggle-icon elementor-toggle-icon-left\" aria-hidden=\"true\">\n\t\t\t\t\t\t\t\t\t\t\t\t\t\t\t<span class=\"elementor-toggle-icon-closed\"><i class=\"fas fa-caret-right\"><\/i><\/span>\n\t\t\t\t\t\t\t\t<span class=\"elementor-toggle-icon-opened\"><i class=\"elementor-toggle-icon-opened fas fa-caret-up\"><\/i><\/span>\n\t\t\t\t\t\t\t\t\t\t\t\t\t<\/span>\n\t\t\t\t\t\t\t\t\t\t\t\t<a class=\"elementor-toggle-title\" tabindex=\"0\">A - Arbeiterwohlfahrt<\/a>\n\t\t\t\t\t<\/div>\n\n\t\t\t\t\t<div id=\"elementor-tab-content-4101\" class=\"elementor-tab-content elementor-clearfix\" data-tab=\"1\" role=\"region\" aria-labelledby=\"elementor-tab-title-4101\"><table style=\"border-collapse: collapse; width: 100%;\" border=\"1\"><tbody><tr><td style=\"width: 100%; text-align: center;\" colspan=\"2\"><span style=\"font-size: 12pt;\"><a href=\"http:\/\/www.awo-roth-schwabach.de\/\" target=\"_blank\" rel=\"noopener\"><img decoding=\"async\" class=\"size-full wp-image-67921 aligncenter\" src=\"http:\/\/www.region-schwabach.de\/wordpress\/wp-content\/uploads\/2018\/12\/awo.gif\" alt=\"\" width=\"80\" height=\"90\" \/><\/a><a href=\"http:\/\/www.region-schwabach.de\/wordpress\/wp-content\/uploads\/2018\/12\/def-arbeiterwohlfahrt.jpg\"><img loading=\"lazy\" decoding=\"async\" class=\"size-medium wp-image-67780 aligncenter\" src=\"http:\/\/www.region-schwabach.de\/wordpress\/wp-content\/uploads\/2018\/12\/def-arbeiterwohlfahrt-300x146.jpg\" alt=\"\" width=\"300\" height=\"146\" srcset=\"https:\/\/www.region-schwabach.de\/wordpress\/wp-content\/uploads\/2018\/12\/def-arbeiterwohlfahrt-300x146.jpg 300w, https:\/\/www.region-schwabach.de\/wordpress\/wp-content\/uploads\/2018\/12\/def-arbeiterwohlfahrt-768x373.jpg 768w, https:\/\/www.region-schwabach.de\/wordpress\/wp-content\/uploads\/2018\/12\/def-arbeiterwohlfahrt-1024x498.jpg 1024w, https:\/\/www.region-schwabach.de\/wordpress\/wp-content\/uploads\/2018\/12\/def-arbeiterwohlfahrt.jpg 1280w\" sizes=\"(max-width: 300px) 100vw, 300px\" \/><\/a><\/span><\/td><\/tr><tr><td style=\"width: 33%;\"><strong><span style=\"font-size: 12pt;\">Adresse<\/span><\/strong><\/td><td style=\"width: 98.3193%;\"><span style=\"font-size: 12pt;\">Wittelsbacherstr. 2<br \/>91126 Schwabach<\/span><\/td><\/tr><tr><td style=\"width: 1.68067%;\"><strong><span style=\"font-size: 12pt;\">Standort\u00a0<\/span><\/strong><\/td><td style=\"width: 98.3193%;\"><p><span style=\"font-size: 12pt;\">Der Defibrillator befindet sich im Eingangsbereich des\u00a0AWO Pflegeheimes, au\u00dferhalb des Geb\u00e4udes vor dem Haupteingang.<\/span><\/p><\/td><\/tr><tr><td style=\"width: 1.68067%;\"><strong><span style=\"font-size: 12pt;\">Verf\u00fcgbar<\/span><\/strong><\/td><td style=\"width: 98.3193%;\"><span style=\"font-size: 12pt;\">Der Defibrillator ist zu jeder Zeit verf\u00fcgbar und mit einem Piktogramm gekennzeichnet.<\/span><\/td><\/tr><tr><td style=\"width: 1.68067%;\"><strong><span style=\"font-size: 12pt;\">Telefon<\/span><\/strong><\/td><td style=\"width: 98.3193%;\"><span style=\"font-size: 12pt;\">09122 9341-0<\/span><\/td><\/tr><tr><td style=\"width: 100%;\" colspan=\"2\">\u00a0<\/td><\/tr><tr><td style=\"width: 100%; text-align: center;\" colspan=\"2\"><a href=\"https:\/\/www.region-schwabach.de\/wordpress\/arbeiterwohlfahrt-schwabach\/\" target=\"_blank\" rel=\"noopener\"><span style=\"font-size: 12pt;\">Mehr Infos &#8230;<\/span><\/a><\/td><\/tr><\/tbody><\/table><\/div>\n\t\t\t\t<\/div>\n\t\t\t\t\t\t\t<div class=\"elementor-toggle-item\">\n\t\t\t\t\t<div id=\"elementor-tab-title-4102\" class=\"elementor-tab-title\" data-tab=\"2\" role=\"button\" aria-controls=\"elementor-tab-content-4102\" aria-expanded=\"false\">\n\t\t\t\t\t\t\t\t\t\t\t\t<span class=\"elementor-toggle-icon elementor-toggle-icon-left\" aria-hidden=\"true\">\n\t\t\t\t\t\t\t\t\t\t\t\t\t\t\t<span class=\"elementor-toggle-icon-closed\"><i class=\"fas fa-caret-right\"><\/i><\/span>\n\t\t\t\t\t\t\t\t<span class=\"elementor-toggle-icon-opened\"><i class=\"elementor-toggle-icon-opened fas fa-caret-up\"><\/i><\/span>\n\t\t\t\t\t\t\t\t\t\t\t\t\t<\/span>\n\t\t\t\t\t\t\t\t\t\t\t\t<a class=\"elementor-toggle-title\" tabindex=\"0\">B - Baubetriebsamt<\/a>\n\t\t\t\t\t<\/div>\n\n\t\t\t\t\t<div id=\"elementor-tab-content-4102\" class=\"elementor-tab-content elementor-clearfix\" data-tab=\"2\" role=\"region\" aria-labelledby=\"elementor-tab-title-4102\"><table style=\"border-collapse: collapse; width: 100%;\" border=\"1\"><tbody><tr><td style=\"width: 100%; text-align: center;\" colspan=\"2\"><a href=\"http:\/\/www.region-schwabach.de\/wordpress\/wp-content\/uploads\/2018\/12\/kein_bild_verf\u00fcgbar.jpg\"><img loading=\"lazy\" decoding=\"async\" class=\"size-medium wp-image-67782 aligncenter\" src=\"http:\/\/www.region-schwabach.de\/wordpress\/wp-content\/uploads\/2018\/12\/kein_bild_verf\u00fcgbar-300x182.jpg\" alt=\"\" width=\"300\" height=\"182\" srcset=\"https:\/\/www.region-schwabach.de\/wordpress\/wp-content\/uploads\/2018\/12\/kein_bild_verf\u00fcgbar-300x182.jpg 300w, https:\/\/www.region-schwabach.de\/wordpress\/wp-content\/uploads\/2018\/12\/kein_bild_verf\u00fcgbar.jpg 357w\" sizes=\"(max-width: 300px) 100vw, 300px\" \/><\/a><\/td><\/tr><tr><td style=\"width: 33%;\"><strong><span style=\"font-size: 12pt;\">Adresse<\/span><\/strong><\/td><td style=\"width: 98.3193%;\"><span style=\"font-size: 12pt;\">O&#8216; Brien-Stra\u00dfe 6<br \/>91126 Schwabach<\/span><\/td><\/tr><tr><td style=\"width: 1.68067%;\"><strong><span style=\"font-size: 12pt;\">Standort\u00a0<\/span><\/strong><\/td><td style=\"width: 98.3193%;\"><span style=\"font-size: 12pt;\">&#8212;<\/span><\/td><\/tr><tr><td style=\"width: 1.68067%;\"><strong><span style=\"font-size: 12pt;\">Verf\u00fcgbar<\/span><\/strong><\/td><td style=\"width: 98.3193%;\"><span style=\"font-size: 12pt;\">&#8212;<\/span><\/td><\/tr><tr><td style=\"width: 1.68067%;\"><strong><span style=\"font-size: 12pt;\">Telefon<\/span><\/strong><\/td><td style=\"width: 98.3193%;\">09122 9396-0<\/td><\/tr><tr><td style=\"width: 100%;\" colspan=\"2\">\u00a0<\/td><\/tr><tr><td style=\"width: 100%; text-align: center;\" colspan=\"2\"><a href=\"http:\/\/www.region-schwabach.de\/wordpress\/baubetriebsamt\/\" target=\"_blank\" rel=\"noopener\"><span style=\"font-size: 12pt;\">Mehr Infos &#8230;<\/span><\/a><\/td><\/tr><\/tbody><\/table><\/div>\n\t\t\t\t<\/div>\n\t\t\t\t\t\t\t<div class=\"elementor-toggle-item\">\n\t\t\t\t\t<div id=\"elementor-tab-title-4103\" class=\"elementor-tab-title\" data-tab=\"3\" role=\"button\" aria-controls=\"elementor-tab-content-4103\" aria-expanded=\"false\">\n\t\t\t\t\t\t\t\t\t\t\t\t<span class=\"elementor-toggle-icon elementor-toggle-icon-left\" aria-hidden=\"true\">\n\t\t\t\t\t\t\t\t\t\t\t\t\t\t\t<span class=\"elementor-toggle-icon-closed\"><i class=\"fas fa-caret-right\"><\/i><\/span>\n\t\t\t\t\t\t\t\t<span class=\"elementor-toggle-icon-opened\"><i class=\"elementor-toggle-icon-opened fas fa-caret-up\"><\/i><\/span>\n\t\t\t\t\t\t\t\t\t\t\t\t\t<\/span>\n\t\t\t\t\t\t\t\t\t\t\t\t<a class=\"elementor-toggle-title\" tabindex=\"0\">C - Freiwillige Feuerwehr<\/a>\n\t\t\t\t\t<\/div>\n\n\t\t\t\t\t<div id=\"elementor-tab-content-4103\" class=\"elementor-tab-content elementor-clearfix\" data-tab=\"3\" role=\"region\" aria-labelledby=\"elementor-tab-title-4103\"><table style=\"border-collapse: collapse; width: 100%;\" border=\"1\"><tbody><tr><td style=\"width: 100%; text-align: center;\" colspan=\"2\"><a href=\"http:\/\/www.region-schwabach.de\/wordpress\/wp-content\/uploads\/2018\/12\/kein_bild_verf\u00fcgbar.jpg\"><img loading=\"lazy\" decoding=\"async\" class=\"size-medium wp-image-67782 aligncenter\" src=\"http:\/\/www.region-schwabach.de\/wordpress\/wp-content\/uploads\/2018\/12\/kein_bild_verf\u00fcgbar-300x182.jpg\" alt=\"\" width=\"300\" height=\"182\" srcset=\"https:\/\/www.region-schwabach.de\/wordpress\/wp-content\/uploads\/2018\/12\/kein_bild_verf\u00fcgbar-300x182.jpg 300w, https:\/\/www.region-schwabach.de\/wordpress\/wp-content\/uploads\/2018\/12\/kein_bild_verf\u00fcgbar.jpg 357w\" sizes=\"(max-width: 300px) 100vw, 300px\" \/><\/a><\/td><\/tr><tr><td style=\"width: 33%;\"><strong><span style=\"font-size: 12pt;\">Adresse<\/span><\/strong><\/td><td style=\"width: 98.3193%;\"><span style=\"font-size: 12pt;\">Friedrich-Ebert-Stra\u00dfe 20<br \/>91126 Schwabach<\/span><\/td><\/tr><tr><td style=\"width: 1.68067%;\"><strong><span style=\"font-size: 12pt;\">Standort\u00a0<\/span><\/strong><\/td><td style=\"width: 98.3193%;\"><span style=\"font-size: 12pt;\">&#8212;<\/span><\/td><\/tr><tr><td style=\"width: 1.68067%;\"><strong><span style=\"font-size: 12pt;\">Verf\u00fcgbar<\/span><\/strong><\/td><td style=\"width: 98.3193%;\"><span style=\"font-size: 12pt;\">&#8212;<\/span><\/td><\/tr><tr><td style=\"width: 1.68067%;\"><strong><span style=\"font-size: 12pt;\">Telefon<\/span><\/strong><\/td><td style=\"width: 98.3193%;\">09122 63176<\/td><\/tr><tr><td style=\"width: 100%;\" colspan=\"2\">\u00a0<\/td><\/tr><tr><td style=\"width: 100%; text-align: center;\" colspan=\"2\"><a href=\"https:\/\/www.region-schwabach.de\/wordpress\/freiwillige-feuerwehr\/\" target=\"_blank\" rel=\"noopener\"><span style=\"font-size: 12pt;\">Mehr Infos &#8230;<\/span><\/a><\/td><\/tr><\/tbody><\/table><\/div>\n\t\t\t\t<\/div>\n\t\t\t\t\t\t\t<div class=\"elementor-toggle-item\">\n\t\t\t\t\t<div id=\"elementor-tab-title-4104\" class=\"elementor-tab-title\" data-tab=\"4\" role=\"button\" aria-controls=\"elementor-tab-content-4104\" aria-expanded=\"false\">\n\t\t\t\t\t\t\t\t\t\t\t\t<span class=\"elementor-toggle-icon elementor-toggle-icon-left\" aria-hidden=\"true\">\n\t\t\t\t\t\t\t\t\t\t\t\t\t\t\t<span class=\"elementor-toggle-icon-closed\"><i class=\"fas fa-caret-right\"><\/i><\/span>\n\t\t\t\t\t\t\t\t<span class=\"elementor-toggle-icon-opened\"><i class=\"elementor-toggle-icon-opened fas fa-caret-up\"><\/i><\/span>\n\t\t\t\t\t\t\t\t\t\t\t\t\t<\/span>\n\t\t\t\t\t\t\t\t\t\t\t\t<a class=\"elementor-toggle-title\" tabindex=\"0\">D - GEWOBAU<\/a>\n\t\t\t\t\t<\/div>\n\n\t\t\t\t\t<div id=\"elementor-tab-content-4104\" class=\"elementor-tab-content elementor-clearfix\" data-tab=\"4\" role=\"region\" aria-labelledby=\"elementor-tab-title-4104\"><table style=\"border-collapse: collapse; width: 100%;\" border=\"1\"><tbody><tr><td style=\"width: 100%; text-align: center;\" colspan=\"2\"><a href=\"http:\/\/www.region-schwabach.de\/wordpress\/wp-content\/uploads\/2018\/12\/kein_bild_verf\u00fcgbar.jpg\"><img loading=\"lazy\" decoding=\"async\" class=\"size-medium wp-image-67782 aligncenter\" src=\"http:\/\/www.region-schwabach.de\/wordpress\/wp-content\/uploads\/2018\/12\/kein_bild_verf\u00fcgbar-300x182.jpg\" alt=\"\" width=\"300\" height=\"182\" srcset=\"https:\/\/www.region-schwabach.de\/wordpress\/wp-content\/uploads\/2018\/12\/kein_bild_verf\u00fcgbar-300x182.jpg 300w, https:\/\/www.region-schwabach.de\/wordpress\/wp-content\/uploads\/2018\/12\/kein_bild_verf\u00fcgbar.jpg 357w\" sizes=\"(max-width: 300px) 100vw, 300px\" \/><\/a><\/td><\/tr><tr><td style=\"width: 33%;\"><strong><span style=\"font-size: 12pt;\">Adresse<\/span><\/strong><\/td><td style=\"width: 98.3193%;\"><span style=\"font-size: 12pt;\">Konrad-Adenauer-Stra\u00dfe 53<br \/>91126 Schwabach<\/span><\/td><\/tr><tr><td style=\"width: 1.68067%;\"><strong><span style=\"font-size: 12pt;\">Standort\u00a0<\/span><\/strong><\/td><td style=\"width: 98.3193%;\"><span style=\"font-size: 12pt;\">&#8212;<\/span><\/td><\/tr><tr><td style=\"width: 1.68067%;\"><strong><span style=\"font-size: 12pt;\">Verf\u00fcgbar<\/span><\/strong><\/td><td style=\"width: 98.3193%;\"><span style=\"font-size: 12pt;\">&#8212;<\/span><\/td><\/tr><tr><td style=\"width: 1.68067%;\"><strong><span style=\"font-size: 12pt;\">Telefon<\/span><\/strong><\/td><td style=\"width: 98.3193%;\">09122 9259-0<\/td><\/tr><tr><td style=\"width: 100%;\" colspan=\"2\">\u00a0<\/td><\/tr><tr><td style=\"width: 100%; text-align: center;\" colspan=\"2\"><a href=\"https:\/\/www.region-schwabach.de\/wordpress\/gewobau\/\" target=\"_blank\" rel=\"noopener\"><span style=\"font-size: 12pt;\">Mehr Infos &#8230;<\/span><\/a><\/td><\/tr><\/tbody><\/table><\/div>\n\t\t\t\t<\/div>\n\t\t\t\t\t\t\t<div class=\"elementor-toggle-item\">\n\t\t\t\t\t<div id=\"elementor-tab-title-4105\" class=\"elementor-tab-title\" data-tab=\"5\" role=\"button\" aria-controls=\"elementor-tab-content-4105\" aria-expanded=\"false\">\n\t\t\t\t\t\t\t\t\t\t\t\t<span class=\"elementor-toggle-icon elementor-toggle-icon-left\" aria-hidden=\"true\">\n\t\t\t\t\t\t\t\t\t\t\t\t\t\t\t<span class=\"elementor-toggle-icon-closed\"><i class=\"fas fa-caret-right\"><\/i><\/span>\n\t\t\t\t\t\t\t\t<span class=\"elementor-toggle-icon-opened\"><i class=\"elementor-toggle-icon-opened fas fa-caret-up\"><\/i><\/span>\n\t\t\t\t\t\t\t\t\t\t\t\t\t<\/span>\n\t\t\t\t\t\t\t\t\t\t\t\t<a class=\"elementor-toggle-title\" tabindex=\"0\">E - Hallenbad<\/a>\n\t\t\t\t\t<\/div>\n\n\t\t\t\t\t<div id=\"elementor-tab-content-4105\" class=\"elementor-tab-content elementor-clearfix\" data-tab=\"5\" role=\"region\" aria-labelledby=\"elementor-tab-title-4105\"><table style=\"border-collapse: collapse; width: 100%;\" border=\"1\"><tbody><tr><td style=\"width: 100%; text-align: center;\" colspan=\"2\"><a href=\"http:\/\/www.region-schwabach.de\/wordpress\/wp-content\/uploads\/2018\/12\/kein_bild_verf\u00fcgbar.jpg\"><img loading=\"lazy\" decoding=\"async\" class=\"size-medium wp-image-67782 aligncenter\" src=\"http:\/\/www.region-schwabach.de\/wordpress\/wp-content\/uploads\/2018\/12\/kein_bild_verf\u00fcgbar-300x182.jpg\" alt=\"\" width=\"300\" height=\"182\" srcset=\"https:\/\/www.region-schwabach.de\/wordpress\/wp-content\/uploads\/2018\/12\/kein_bild_verf\u00fcgbar-300x182.jpg 300w, https:\/\/www.region-schwabach.de\/wordpress\/wp-content\/uploads\/2018\/12\/kein_bild_verf\u00fcgbar.jpg 357w\" sizes=\"(max-width: 300px) 100vw, 300px\" \/><\/a><\/td><\/tr><tr><td style=\"width: 33%;\"><strong><span style=\"font-size: 12pt;\">Adresse<\/span><\/strong><\/td><td style=\"width: 98.3193%;\"><span style=\"font-size: 12pt;\">Bismarckstra\u00dfe 8<br \/>91126 Schwabach<\/span><\/td><\/tr><tr><td style=\"width: 1.68067%;\"><strong><span style=\"font-size: 12pt;\">Standort\u00a0<\/span><\/strong><\/td><td style=\"width: 98.3193%;\"><span style=\"font-size: 12pt;\">&#8212;<\/span><\/td><\/tr><tr><td style=\"width: 1.68067%;\"><strong><span style=\"font-size: 12pt;\">Verf\u00fcgbar<\/span><\/strong><\/td><td style=\"width: 98.3193%;\"><span style=\"font-size: 12pt;\">&#8212;<\/span><\/td><\/tr><tr><td style=\"width: 1.68067%;\"><strong><span style=\"font-size: 12pt;\">Telefon<\/span><\/strong><\/td><td style=\"width: 98.3193%;\">09122 82282<\/td><\/tr><tr><td style=\"width: 100%;\" colspan=\"2\">\u00a0<\/td><\/tr><tr><td style=\"width: 100%; text-align: center;\" colspan=\"2\"><a href=\"https:\/\/www.region-schwabach.de\/wordpress\/hallenbad\/\" target=\"_blank\" rel=\"noopener\"><span style=\"font-size: 12pt;\">Mehr Infos &#8230;<\/span><\/a><\/td><\/tr><\/tbody><\/table><\/div>\n\t\t\t\t<\/div>\n\t\t\t\t\t\t\t<div class=\"elementor-toggle-item\">\n\t\t\t\t\t<div id=\"elementor-tab-title-4106\" class=\"elementor-tab-title\" data-tab=\"6\" role=\"button\" aria-controls=\"elementor-tab-content-4106\" aria-expanded=\"false\">\n\t\t\t\t\t\t\t\t\t\t\t\t<span class=\"elementor-toggle-icon elementor-toggle-icon-left\" aria-hidden=\"true\">\n\t\t\t\t\t\t\t\t\t\t\t\t\t\t\t<span class=\"elementor-toggle-icon-closed\"><i class=\"fas fa-caret-right\"><\/i><\/span>\n\t\t\t\t\t\t\t\t<span class=\"elementor-toggle-icon-opened\"><i class=\"elementor-toggle-icon-opened fas fa-caret-up\"><\/i><\/span>\n\t\t\t\t\t\t\t\t\t\t\t\t\t<\/span>\n\t\t\t\t\t\t\t\t\t\t\t\t<a class=\"elementor-toggle-title\" tabindex=\"0\">F - Hans-Herbst-Haus (Alten- und Pflegeheim)<\/a>\n\t\t\t\t\t<\/div>\n\n\t\t\t\t\t<div id=\"elementor-tab-content-4106\" class=\"elementor-tab-content elementor-clearfix\" data-tab=\"6\" role=\"region\" aria-labelledby=\"elementor-tab-title-4106\"><p><img loading=\"lazy\" decoding=\"async\" class=\"size-medium wp-image-67807 aligncenter\" src=\"http:\/\/www.region-schwabach.de\/wordpress\/wp-content\/uploads\/2018\/12\/def-hans-herbst-haus-300x146.jpg\" alt=\"\" width=\"300\" height=\"146\" srcset=\"https:\/\/www.region-schwabach.de\/wordpress\/wp-content\/uploads\/2018\/12\/def-hans-herbst-haus-300x146.jpg 300w, https:\/\/www.region-schwabach.de\/wordpress\/wp-content\/uploads\/2018\/12\/def-hans-herbst-haus-768x373.jpg 768w, https:\/\/www.region-schwabach.de\/wordpress\/wp-content\/uploads\/2018\/12\/def-hans-herbst-haus-1024x498.jpg 1024w, https:\/\/www.region-schwabach.de\/wordpress\/wp-content\/uploads\/2018\/12\/def-hans-herbst-haus.jpg 1280w\" sizes=\"(max-width: 300px) 100vw, 300px\" \/>\u200b<\/p><table style=\"border-collapse: collapse; width: 100%;\" border=\"1\"><tbody><tr><td style=\"width: 33%;\"><strong><span style=\"font-size: 12pt;\">Adresse<\/span><\/strong><\/td><td style=\"width: 98.3193%;\"><span style=\"font-size: 12pt;\">Bodelschwinghstra\u00dfe 2-4<br \/>91126 Schwabach<\/span><\/td><\/tr><tr><td style=\"width: 1.68067%;\"><strong><span style=\"font-size: 12pt;\">Standort\u00a0<\/span><\/strong><\/td><td style=\"width: 98.3193%;\">Im Eingangsbereich<\/td><\/tr><tr><td style=\"width: 1.68067%;\"><strong><span style=\"font-size: 12pt;\">Verf\u00fcgbar<\/span><\/strong><\/td><td style=\"width: 98.3193%;\"><span style=\"font-size: 12pt;\">&#8212;<\/span><\/td><\/tr><tr><td style=\"width: 1.68067%;\"><strong><span style=\"font-size: 12pt;\">Telefon<\/span><\/strong><\/td><td style=\"width: 98.3193%;\">09122 9315-0<\/td><\/tr><tr><td style=\"width: 100%;\" colspan=\"2\">\u00a0<\/td><\/tr><tr><td style=\"width: 100%; text-align: center;\" colspan=\"2\"><a href=\"https:\/\/www.region-schwabach.de\/wordpress\/hans-herbst-haus-schwabach\/\" target=\"_blank\" rel=\"noopener\"><span style=\"font-size: 12pt;\">Mehr Infos &#8230;<\/span><\/a><\/td><\/tr><\/tbody><\/table><\/div>\n\t\t\t\t<\/div>\n\t\t\t\t\t\t\t<div class=\"elementor-toggle-item\">\n\t\t\t\t\t<div id=\"elementor-tab-title-4107\" class=\"elementor-tab-title\" data-tab=\"7\" role=\"button\" aria-controls=\"elementor-tab-content-4107\" aria-expanded=\"false\">\n\t\t\t\t\t\t\t\t\t\t\t\t<span class=\"elementor-toggle-icon elementor-toggle-icon-left\" aria-hidden=\"true\">\n\t\t\t\t\t\t\t\t\t\t\t\t\t\t\t<span class=\"elementor-toggle-icon-closed\"><i class=\"fas fa-caret-right\"><\/i><\/span>\n\t\t\t\t\t\t\t\t<span class=\"elementor-toggle-icon-opened\"><i class=\"elementor-toggle-icon-opened fas fa-caret-up\"><\/i><\/span>\n\t\t\t\t\t\t\t\t\t\t\t\t\t<\/span>\n\t\t\t\t\t\t\t\t\t\t\t\t<a class=\"elementor-toggle-title\" tabindex=\"0\">G - Hermann-Stamm-Realschule<\/a>\n\t\t\t\t\t<\/div>\n\n\t\t\t\t\t<div id=\"elementor-tab-content-4107\" class=\"elementor-tab-content elementor-clearfix\" data-tab=\"7\" role=\"region\" aria-labelledby=\"elementor-tab-title-4107\"><p><a href=\"http:\/\/www.region-schwabach.de\/wordpress\/wp-content\/uploads\/2018\/12\/def-hermann-stamm-realschule.jpg\"><img loading=\"lazy\" decoding=\"async\" class=\"size-medium wp-image-67808 aligncenter\" src=\"http:\/\/www.region-schwabach.de\/wordpress\/wp-content\/uploads\/2018\/12\/def-hermann-stamm-realschule-300x146.jpg\" alt=\"\" width=\"300\" height=\"146\" srcset=\"https:\/\/www.region-schwabach.de\/wordpress\/wp-content\/uploads\/2018\/12\/def-hermann-stamm-realschule-300x146.jpg 300w, https:\/\/www.region-schwabach.de\/wordpress\/wp-content\/uploads\/2018\/12\/def-hermann-stamm-realschule-768x373.jpg 768w, https:\/\/www.region-schwabach.de\/wordpress\/wp-content\/uploads\/2018\/12\/def-hermann-stamm-realschule-1024x498.jpg 1024w, https:\/\/www.region-schwabach.de\/wordpress\/wp-content\/uploads\/2018\/12\/def-hermann-stamm-realschule.jpg 1280w\" sizes=\"(max-width: 300px) 100vw, 300px\" \/><\/a>\u200b<\/p><table style=\"border-collapse: collapse; width: 100%;\" border=\"1\"><tbody><tr><td style=\"width: 33%;\"><strong><span style=\"font-size: 12pt;\">Adresse<\/span><\/strong><\/td><td style=\"width: 98.3193%;\"><span style=\"font-size: 12pt;\">Waikersreuther Stra\u00dfe 9a<br \/>91126 Schwabach<\/span><\/td><\/tr><tr><td style=\"width: 1.68067%;\"><strong><span style=\"font-size: 12pt;\">Standort\u00a0<\/span><\/strong><\/td><td style=\"width: 98.3193%;\">In einer S\u00e4ule vor dem Geb\u00e4ude<\/td><\/tr><tr><td style=\"width: 1.68067%;\"><strong><span style=\"font-size: 12pt;\">Verf\u00fcgbar<\/span><\/strong><\/td><td style=\"width: 98.3193%;\"><span style=\"font-size: 12pt;\">&#8212;<\/span><\/td><\/tr><tr><td style=\"width: 1.68067%;\"><strong><span style=\"font-size: 12pt;\">Telefon<\/span><\/strong><\/td><td style=\"width: 98.3193%;\">09122 6312-6<\/td><\/tr><tr><td style=\"width: 100%;\" colspan=\"2\">\u00a0<\/td><\/tr><tr><td style=\"width: 100%; text-align: center;\" colspan=\"2\"><a href=\"https:\/\/www.region-schwabach.de\/wordpress\/hermann-stamm-realschule-schwabach\/\" target=\"_blank\" rel=\"noopener\"><span style=\"font-size: 12pt;\">Mehr Infos &#8230;<\/span><\/a><\/td><\/tr><\/tbody><\/table><\/div>\n\t\t\t\t<\/div>\n\t\t\t\t\t\t\t<div class=\"elementor-toggle-item\">\n\t\t\t\t\t<div id=\"elementor-tab-title-4108\" class=\"elementor-tab-title\" data-tab=\"8\" role=\"button\" aria-controls=\"elementor-tab-content-4108\" aria-expanded=\"false\">\n\t\t\t\t\t\t\t\t\t\t\t\t<span class=\"elementor-toggle-icon elementor-toggle-icon-left\" aria-hidden=\"true\">\n\t\t\t\t\t\t\t\t\t\t\t\t\t\t\t<span class=\"elementor-toggle-icon-closed\"><i class=\"fas fa-caret-right\"><\/i><\/span>\n\t\t\t\t\t\t\t\t<span class=\"elementor-toggle-icon-opened\"><i class=\"elementor-toggle-icon-opened fas fa-caret-up\"><\/i><\/span>\n\t\t\t\t\t\t\t\t\t\t\t\t\t<\/span>\n\t\t\t\t\t\t\t\t\t\t\t\t<a class=\"elementor-toggle-title\" tabindex=\"0\">H - Hornbach Baumarkt<\/a>\n\t\t\t\t\t<\/div>\n\n\t\t\t\t\t<div id=\"elementor-tab-content-4108\" class=\"elementor-tab-content elementor-clearfix\" data-tab=\"8\" role=\"region\" aria-labelledby=\"elementor-tab-title-4108\"><p><a href=\"http:\/\/www.region-schwabach.de\/wordpress\/wp-content\/uploads\/2018\/12\/def-hornbach.jpg\"><img loading=\"lazy\" decoding=\"async\" class=\"size-medium wp-image-67814 aligncenter\" src=\"http:\/\/www.region-schwabach.de\/wordpress\/wp-content\/uploads\/2018\/12\/def-hornbach-300x146.jpg\" alt=\"\" width=\"300\" height=\"146\" srcset=\"https:\/\/www.region-schwabach.de\/wordpress\/wp-content\/uploads\/2018\/12\/def-hornbach-300x146.jpg 300w, https:\/\/www.region-schwabach.de\/wordpress\/wp-content\/uploads\/2018\/12\/def-hornbach-768x373.jpg 768w, https:\/\/www.region-schwabach.de\/wordpress\/wp-content\/uploads\/2018\/12\/def-hornbach-1024x498.jpg 1024w, https:\/\/www.region-schwabach.de\/wordpress\/wp-content\/uploads\/2018\/12\/def-hornbach.jpg 1280w\" sizes=\"(max-width: 300px) 100vw, 300px\" \/><\/a>\u200b<\/p><table style=\"border-collapse: collapse; width: 100%;\" border=\"1\"><tbody><tr><td style=\"width: 33%;\"><strong><span style=\"font-size: 12pt;\">Adresse<\/span><\/strong><\/td><td style=\"width: 98.3193%;\"><span style=\"font-size: 12pt;\">Am Falbenholzweg 7<br \/>91126 Schwabach<\/span><\/td><\/tr><tr><td style=\"width: 1.68067%;\"><strong><span style=\"font-size: 12pt;\">Standort\u00a0<\/span><\/strong><\/td><td style=\"width: 98.3193%;\">&#8212;<\/td><\/tr><tr><td style=\"width: 1.68067%;\"><strong><span style=\"font-size: 12pt;\">Verf\u00fcgbar<\/span><\/strong><\/td><td style=\"width: 98.3193%;\"><span style=\"font-size: 12pt;\">&#8212;<\/span><\/td><\/tr><tr><td style=\"width: 1.68067%;\"><strong><span style=\"font-size: 12pt;\">Telefon<\/span><\/strong><\/td><td style=\"width: 98.3193%;\">09122 87481-0<\/td><\/tr><tr><td style=\"width: 100%;\" colspan=\"2\">\u00a0<\/td><\/tr><tr><td style=\"width: 100%; text-align: center;\" colspan=\"2\"><a href=\"https:\/\/www.region-schwabach.de\/wordpress\/hornbach-baumarkt-schwabach\/\" target=\"_blank\" rel=\"noopener\"><span style=\"font-size: 12pt;\">Mehr Infos &#8230;<\/span><\/a><\/td><\/tr><\/tbody><\/table><\/div>\n\t\t\t\t<\/div>\n\t\t\t\t\t\t\t<div class=\"elementor-toggle-item\">\n\t\t\t\t\t<div id=\"elementor-tab-title-4109\" class=\"elementor-tab-title\" data-tab=\"9\" role=\"button\" aria-controls=\"elementor-tab-content-4109\" aria-expanded=\"false\">\n\t\t\t\t\t\t\t\t\t\t\t\t<span class=\"elementor-toggle-icon elementor-toggle-icon-left\" aria-hidden=\"true\">\n\t\t\t\t\t\t\t\t\t\t\t\t\t\t\t<span class=\"elementor-toggle-icon-closed\"><i class=\"fas fa-caret-right\"><\/i><\/span>\n\t\t\t\t\t\t\t\t<span class=\"elementor-toggle-icon-opened\"><i class=\"elementor-toggle-icon-opened fas fa-caret-up\"><\/i><\/span>\n\t\t\t\t\t\t\t\t\t\t\t\t\t<\/span>\n\t\t\t\t\t\t\t\t\t\t\t\t<a class=\"elementor-toggle-title\" tabindex=\"0\">I - Johanniter-Unfall-Hilfe<\/a>\n\t\t\t\t\t<\/div>\n\n\t\t\t\t\t<div id=\"elementor-tab-content-4109\" class=\"elementor-tab-content elementor-clearfix\" data-tab=\"9\" role=\"region\" aria-labelledby=\"elementor-tab-title-4109\"><p><a href=\"https:\/\/www.johanniter.de\/nc\/karriere\/stellenangebote\/?q=mittelfranken&amp;tx_solr%5Bfilter%5D%5B0%5D\" target=\"_blank\" rel=\"noopener\"><img loading=\"lazy\" decoding=\"async\" class=\"alignnone size-full wp-image-67886\" src=\"http:\/\/www.region-schwabach.de\/wordpress\/wp-content\/uploads\/2018\/12\/johanniter-unfallhilfe.jpg\" alt=\"\" width=\"600\" height=\"100\" srcset=\"https:\/\/www.region-schwabach.de\/wordpress\/wp-content\/uploads\/2018\/12\/johanniter-unfallhilfe.jpg 600w, https:\/\/www.region-schwabach.de\/wordpress\/wp-content\/uploads\/2018\/12\/johanniter-unfallhilfe-300x50.jpg 300w\" sizes=\"(max-width: 600px) 100vw, 600px\" \/><\/a><\/p><table style=\"border-collapse: collapse; width: 100%;\" border=\"1\"><tbody><tr><td style=\"width: 33%;\"><strong><span style=\"font-size: 12pt;\">Adresse<\/span><\/strong><\/td><td style=\"width: 98.3193%;\"><span style=\"font-size: 12pt;\">Angerstra\u00dfe 5<br \/>91126 Schwabach<\/span><\/td><\/tr><tr><td style=\"width: 1.68067%;\"><strong><span style=\"font-size: 12pt;\">Standort\u00a0<\/span><\/strong><\/td><td style=\"width: 98.3193%;\"><span style=\"font-size: 12pt;\">Der Defibrillator befindet sich\u00a0im ersten Obergeschoss\u00a0der Dienststelle der Johanniter-Unfall-Hilfe, gleich gegen\u00fcber der Treppe.<\/span><\/td><\/tr><tr><td style=\"width: 1.68067%;\"><strong><span style=\"font-size: 12pt;\">Verf\u00fcgbar<\/span><\/strong><\/td><td style=\"width: 98.3193%;\"><p><span style=\"font-size: 12pt;\">Zugang zum Defibrillator gibt es nur zu den \u00d6ffnungszeiten:<\/span><\/p><ul style=\"list-style-type: disc;\"><li><span style=\"font-size: 12pt;\"> Mo. &#8211; Do.\u00a0 08.00 Uhr &#8211; 16.00 Uhr <\/span><\/li><li><span style=\"font-size: 12pt;\">Fr.\u00a0 08.00 &#8211; 12.00 Uhr<\/span><\/li><\/ul><\/td><\/tr><tr><td style=\"width: 1.68067%;\"><strong><span style=\"font-size: 12pt;\">Telefon<\/span><\/strong><\/td><td style=\"width: 98.3193%;\">09122 9398-0<\/td><\/tr><tr><td style=\"width: 100%;\" colspan=\"2\">\u00a0<\/td><\/tr><tr><td style=\"width: 100%; text-align: center;\" colspan=\"2\"><a href=\"https:\/\/www.region-schwabach.de\/wordpress\/johanniter-unfallhilfe\/\" target=\"_blank\" rel=\"noopener\"><span style=\"font-size: 12pt;\">Mehr Infos &#8230;<\/span><\/a><\/td><\/tr><\/tbody><\/table><\/div>\n\t\t\t\t<\/div>\n\t\t\t\t\t\t\t<div class=\"elementor-toggle-item\">\n\t\t\t\t\t<div id=\"elementor-tab-title-41010\" class=\"elementor-tab-title\" data-tab=\"10\" role=\"button\" aria-controls=\"elementor-tab-content-41010\" aria-expanded=\"false\">\n\t\t\t\t\t\t\t\t\t\t\t\t<span class=\"elementor-toggle-icon elementor-toggle-icon-left\" aria-hidden=\"true\">\n\t\t\t\t\t\t\t\t\t\t\t\t\t\t\t<span class=\"elementor-toggle-icon-closed\"><i class=\"fas fa-caret-right\"><\/i><\/span>\n\t\t\t\t\t\t\t\t<span class=\"elementor-toggle-icon-opened\"><i class=\"elementor-toggle-icon-opened fas fa-caret-up\"><\/i><\/span>\n\t\t\t\t\t\t\t\t\t\t\t\t\t<\/span>\n\t\t\t\t\t\t\t\t\t\t\t\t<a class=\"elementor-toggle-title\" tabindex=\"0\">J - Kirche St. Sebald<\/a>\n\t\t\t\t\t<\/div>\n\n\t\t\t\t\t<div id=\"elementor-tab-content-41010\" class=\"elementor-tab-content elementor-clearfix\" data-tab=\"10\" role=\"region\" aria-labelledby=\"elementor-tab-title-41010\"><p><a href=\"http:\/\/www.region-schwabach.de\/wordpress\/wp-content\/uploads\/2018\/12\/kirche-st-sebald-e1543855905451.jpg\"><img loading=\"lazy\" decoding=\"async\" class=\"size-medium wp-image-67830 aligncenter\" src=\"http:\/\/www.region-schwabach.de\/wordpress\/wp-content\/uploads\/2018\/12\/kirche-st-sebald-300x169.jpg\" alt=\"\" width=\"300\" height=\"169\" \/><\/a>\u200b<\/p><table style=\"border-collapse: collapse; width: 100%;\" border=\"1\"><tbody><tr><td style=\"width: 33%;\"><strong><span style=\"font-size: 12pt;\">Adresse<\/span><\/strong><\/td><td style=\"width: 98.3193%;\"><span style=\"font-size: 12pt;\">Ludwigstra\u00dfe 17<br \/>91126 Schwabach<\/span><\/td><\/tr><tr><td style=\"width: 1.68067%;\"><strong><span style=\"font-size: 12pt;\">Standort\u00a0<\/span><\/strong><\/td><td style=\"width: 98.3193%;\">&#8212;<\/td><\/tr><tr><td style=\"width: 1.68067%;\"><strong><span style=\"font-size: 12pt;\">Verf\u00fcgbar<\/span><\/strong><\/td><td style=\"width: 98.3193%;\"><span style=\"font-size: 12pt;\">&#8212;<\/span><\/td><\/tr><tr><td style=\"width: 1.68067%;\"><strong><span style=\"font-size: 12pt;\">Telefon<\/span><\/strong><\/td><td style=\"width: 98.3193%;\">09122 2365<\/td><\/tr><tr><td style=\"width: 100%;\" colspan=\"2\">\u00a0<\/td><\/tr><tr><td style=\"width: 100%; text-align: center;\" colspan=\"2\"><a href=\"https:\/\/www.region-schwabach.de\/wordpress\/kirche-st-sebald\/\" target=\"_blank\" rel=\"noopener\"><span style=\"font-size: 12pt;\">Mehr Infos &#8230;<\/span><\/a><\/td><\/tr><\/tbody><\/table><\/div>\n\t\t\t\t<\/div>\n\t\t\t\t\t\t\t\t<\/div>\n\t\t\t\t<\/div>\n\t\t\t\t<\/div>\n\t\t\t\t\t<\/div>\n\t\t<\/div>\n\t\t\t\t<div class=\"elementor-column elementor-col-50 elementor-top-column elementor-element elementor-element-f350f9f\" data-id=\"f350f9f\" data-element_type=\"column\">\n\t\t\t<div class=\"elementor-widget-wrap elementor-element-populated\">\n\t\t\t\t\t\t<div class=\"elementor-element elementor-element-c90462f elementor-widget elementor-widget-toggle\" data-id=\"c90462f\" data-element_type=\"widget\" data-widget_type=\"toggle.default\">\n\t\t\t\t<div class=\"elementor-widget-container\">\n\t\t\t\t\t<div class=\"elementor-toggle\">\n\t\t\t\t\t\t\t<div class=\"elementor-toggle-item\">\n\t\t\t\t\t<div id=\"elementor-tab-title-2101\" class=\"elementor-tab-title\" data-tab=\"1\" role=\"button\" aria-controls=\"elementor-tab-content-2101\" aria-expanded=\"false\">\n\t\t\t\t\t\t\t\t\t\t\t\t<span class=\"elementor-toggle-icon elementor-toggle-icon-left\" aria-hidden=\"true\">\n\t\t\t\t\t\t\t\t\t\t\t\t\t\t\t<span class=\"elementor-toggle-icon-closed\"><i class=\"fas fa-caret-right\"><\/i><\/span>\n\t\t\t\t\t\t\t\t<span class=\"elementor-toggle-icon-opened\"><i class=\"elementor-toggle-icon-opened fas fa-caret-up\"><\/i><\/span>\n\t\t\t\t\t\t\t\t\t\t\t\t\t<\/span>\n\t\t\t\t\t\t\t\t\t\t\t\t<a class=\"elementor-toggle-title\" tabindex=\"0\">K - ORO-Einkaufszentrum<\/a>\n\t\t\t\t\t<\/div>\n\n\t\t\t\t\t<div id=\"elementor-tab-content-2101\" class=\"elementor-tab-content elementor-clearfix\" data-tab=\"1\" role=\"region\" aria-labelledby=\"elementor-tab-title-2101\"><table style=\"border-collapse: collapse; width: 100%;\" border=\"1\"><tbody><tr><td style=\"width: 100%; text-align: center;\" colspan=\"2\"><a href=\"http:\/\/www.region-schwabach.de\/wordpress\/wp-content\/uploads\/2018\/12\/def-real.jpg\"><img loading=\"lazy\" decoding=\"async\" class=\"size-medium wp-image-67834 aligncenter\" src=\"http:\/\/www.region-schwabach.de\/wordpress\/wp-content\/uploads\/2018\/12\/def-real-300x146.jpg\" alt=\"\" width=\"300\" height=\"146\" srcset=\"https:\/\/www.region-schwabach.de\/wordpress\/wp-content\/uploads\/2018\/12\/def-real-300x146.jpg 300w, https:\/\/www.region-schwabach.de\/wordpress\/wp-content\/uploads\/2018\/12\/def-real-768x373.jpg 768w, https:\/\/www.region-schwabach.de\/wordpress\/wp-content\/uploads\/2018\/12\/def-real-1024x498.jpg 1024w, https:\/\/www.region-schwabach.de\/wordpress\/wp-content\/uploads\/2018\/12\/def-real.jpg 1280w\" sizes=\"(max-width: 300px) 100vw, 300px\" \/><\/a><\/td><\/tr><tr><td style=\"width: 33%;\"><strong><span style=\"font-size: 12pt;\">Adresse<\/span><\/strong><\/td><td style=\"width: 98.3193%;\"><span style=\"font-size: 12pt;\">Am Falbenholzweg 15<br \/>91126 Schwabach<\/span><\/td><\/tr><tr><td style=\"width: 1.68067%;\"><strong><span style=\"font-size: 12pt;\">Standort\u00a0<\/span><\/strong><\/td><td style=\"width: 98.3193%;\"><span style=\"font-size: 12pt;\">Der Defibrillator befindet sich an der real-Service-Station<\/span><\/td><\/tr><tr><td style=\"width: 1.68067%;\"><strong><span style=\"font-size: 12pt;\">Verf\u00fcgbar<\/span><\/strong><\/td><td style=\"width: 98.3193%;\"><span style=\"font-size: 12pt;\">Der Zugang ist zu den ORO-\u00d6ffnungszeiten m\u00f6glich.<br \/>Mo. &#8211; Sa.\u00a0 von 07.00 Uhr bis 20.00 Uhr<\/span><\/td><\/tr><tr><td style=\"width: 1.68067%;\"><strong><span style=\"font-size: 12pt;\">Telefon<\/span><\/strong><\/td><td style=\"width: 98.3193%;\">09122 603997-0<\/td><\/tr><tr><td style=\"width: 100%;\" colspan=\"2\">\u00a0<\/td><\/tr><tr><td style=\"width: 100%; text-align: center;\" colspan=\"2\"><a href=\"https:\/\/www.region-schwabach.de\/wordpress\/oro-einkaufszentrum-schwabach\/\" target=\"_blank\" rel=\"noopener\"><span style=\"font-size: 12pt;\">Mehr Infos &#8230;<\/span><\/a><\/td><\/tr><\/tbody><\/table><\/div>\n\t\t\t\t<\/div>\n\t\t\t\t\t\t\t<div class=\"elementor-toggle-item\">\n\t\t\t\t\t<div id=\"elementor-tab-title-2102\" class=\"elementor-tab-title\" data-tab=\"2\" role=\"button\" aria-controls=\"elementor-tab-content-2102\" aria-expanded=\"false\">\n\t\t\t\t\t\t\t\t\t\t\t\t<span class=\"elementor-toggle-icon elementor-toggle-icon-left\" aria-hidden=\"true\">\n\t\t\t\t\t\t\t\t\t\t\t\t\t\t\t<span class=\"elementor-toggle-icon-closed\"><i class=\"fas fa-caret-right\"><\/i><\/span>\n\t\t\t\t\t\t\t\t<span class=\"elementor-toggle-icon-opened\"><i class=\"elementor-toggle-icon-opened fas fa-caret-up\"><\/i><\/span>\n\t\t\t\t\t\t\t\t\t\t\t\t\t<\/span>\n\t\t\t\t\t\t\t\t\t\t\t\t<a class=\"elementor-toggle-title\" tabindex=\"0\">L - Parkbad<\/a>\n\t\t\t\t\t<\/div>\n\n\t\t\t\t\t<div id=\"elementor-tab-content-2102\" class=\"elementor-tab-content elementor-clearfix\" data-tab=\"2\" role=\"region\" aria-labelledby=\"elementor-tab-title-2102\"><p><img loading=\"lazy\" decoding=\"async\" class=\"size-medium wp-image-67836 aligncenter\" src=\"http:\/\/www.region-schwabach.de\/wordpress\/wp-content\/uploads\/2018\/12\/parkbad-300x169.jpg\" alt=\"\" width=\"300\" height=\"169\" \/>\u200b<\/p><table style=\"border-collapse: collapse; width: 100%;\" border=\"1\"><tbody><tr><td style=\"width: 33%;\"><strong><span style=\"font-size: 12pt;\">Adresse<\/span><\/strong><\/td><td style=\"width: 98.3193%;\"><span style=\"font-size: 12pt;\">Angerstra\u00dfe 10<br \/>91126 Schwabach<\/span><\/td><\/tr><tr><td style=\"width: 1.68067%;\"><strong><span style=\"font-size: 12pt;\">Standort\u00a0<\/span><\/strong><\/td><td style=\"width: 98.3193%;\"><span style=\"font-size: 12pt;\">&#8212;<\/span><\/td><\/tr><tr><td style=\"width: 1.68067%;\"><strong><span style=\"font-size: 12pt;\">Verf\u00fcgbar<\/span><\/strong><\/td><td style=\"width: 98.3193%;\"><span style=\"font-size: 12pt;\">&#8212;<\/span><\/td><\/tr><tr><td style=\"width: 1.68067%;\"><strong><span style=\"font-size: 12pt;\">Telefon<\/span><\/strong><\/td><td style=\"width: 98.3193%;\">09122 81772<\/td><\/tr><tr><td style=\"width: 100%;\" colspan=\"2\">\u00a0<\/td><\/tr><tr><td style=\"width: 100%; text-align: center;\" colspan=\"2\"><a href=\"https:\/\/www.region-schwabach.de\/wordpress\/parkbad\/\" target=\"_blank\" rel=\"noopener\"><span style=\"font-size: 12pt;\">Mehr Infos &#8230;<\/span><\/a><\/td><\/tr><\/tbody><\/table><\/div>\n\t\t\t\t<\/div>\n\t\t\t\t\t\t\t<div class=\"elementor-toggle-item\">\n\t\t\t\t\t<div id=\"elementor-tab-title-2103\" class=\"elementor-tab-title\" data-tab=\"3\" role=\"button\" aria-controls=\"elementor-tab-content-2103\" aria-expanded=\"false\">\n\t\t\t\t\t\t\t\t\t\t\t\t<span class=\"elementor-toggle-icon elementor-toggle-icon-left\" aria-hidden=\"true\">\n\t\t\t\t\t\t\t\t\t\t\t\t\t\t\t<span class=\"elementor-toggle-icon-closed\"><i class=\"fas fa-caret-right\"><\/i><\/span>\n\t\t\t\t\t\t\t\t<span class=\"elementor-toggle-icon-opened\"><i class=\"elementor-toggle-icon-opened fas fa-caret-up\"><\/i><\/span>\n\t\t\t\t\t\t\t\t\t\t\t\t\t<\/span>\n\t\t\t\t\t\t\t\t\t\t\t\t<a class=\"elementor-toggle-title\" tabindex=\"0\">M - Rathaus\/B\u00fcrgerb\u00fcro<\/a>\n\t\t\t\t\t<\/div>\n\n\t\t\t\t\t<div id=\"elementor-tab-content-2103\" class=\"elementor-tab-content elementor-clearfix\" data-tab=\"3\" role=\"region\" aria-labelledby=\"elementor-tab-title-2103\"><p><img loading=\"lazy\" decoding=\"async\" class=\"size-medium wp-image-67843 aligncenter\" src=\"http:\/\/www.region-schwabach.de\/wordpress\/wp-content\/uploads\/2018\/12\/def-rathaus-300x146.jpg\" alt=\"\" width=\"300\" height=\"146\" srcset=\"https:\/\/www.region-schwabach.de\/wordpress\/wp-content\/uploads\/2018\/12\/def-rathaus-300x146.jpg 300w, https:\/\/www.region-schwabach.de\/wordpress\/wp-content\/uploads\/2018\/12\/def-rathaus-768x373.jpg 768w, https:\/\/www.region-schwabach.de\/wordpress\/wp-content\/uploads\/2018\/12\/def-rathaus-1024x498.jpg 1024w, https:\/\/www.region-schwabach.de\/wordpress\/wp-content\/uploads\/2018\/12\/def-rathaus.jpg 1280w\" sizes=\"(max-width: 300px) 100vw, 300px\" \/>\u200b<\/p><table style=\"border-collapse: collapse; width: 100%;\" border=\"1\"><tbody><tr><td style=\"width: 33%;\"><strong><span style=\"font-size: 12pt;\">Adresse<\/span><\/strong><\/td><td style=\"width: 98.3193%;\"><span style=\"font-size: 12pt;\">K\u00f6nigsplatz 1<br \/>91126 Schwabach<\/span><\/td><\/tr><tr><td style=\"width: 1.68067%;\"><strong><span style=\"font-size: 12pt;\">Standort\u00a0<\/span><\/strong><\/td><td style=\"width: 98.3193%;\">Der Defibrillator befindet sich im Foyer des Rathauses, rechts neben dem Haupteingang &#8211; hinter dem Windfang &#8211; in einem wei\u00dfen Kasten mit der Aufschrift \u201eErste Hilfe\u201c<\/td><\/tr><tr><td style=\"width: 1.68067%;\"><strong><span style=\"font-size: 12pt;\">Verf\u00fcgbar<\/span><\/strong><\/td><td style=\"width: 98.3193%;\"><p>Der Defibrillator ist zu den \u00d6ffnungszeiten des Rathauses uneingeschr\u00e4nkt zug\u00e4nglich:<\/p><ul style=\"list-style-type: disc;\"><li>Montag und Mittwoch bis Freitag\u00a0 von 08.00 Uhr &#8211; 18.00 Uhr<\/li><li>Dienstag von 08.00 Uhr bis 12.00 Uhr<\/li><li>Samstag von 09.00 Uhr bis 12.00 Uhr.<\/li><\/ul><\/td><\/tr><tr><td style=\"width: 1.68067%;\"><strong><span style=\"font-size: 12pt;\">Telefon<\/span><\/strong><\/td><td style=\"width: 98.3193%;\">09122 860-0<\/td><\/tr><tr><td style=\"width: 100%;\" colspan=\"2\">\u00a0<\/td><\/tr><tr><td style=\"width: 100%; text-align: center;\" colspan=\"2\"><a href=\"https:\/\/www.region-schwabach.de\/wordpress\/rathaus-buergerbuero-schwabach\/\" target=\"_blank\" rel=\"noopener\"><span style=\"font-size: 12pt;\">Mehr Infos &#8230;<\/span><\/a><\/td><\/tr><\/tbody><\/table><\/div>\n\t\t\t\t<\/div>\n\t\t\t\t\t\t\t<div class=\"elementor-toggle-item\">\n\t\t\t\t\t<div id=\"elementor-tab-title-2104\" class=\"elementor-tab-title\" data-tab=\"4\" role=\"button\" aria-controls=\"elementor-tab-content-2104\" aria-expanded=\"false\">\n\t\t\t\t\t\t\t\t\t\t\t\t<span class=\"elementor-toggle-icon elementor-toggle-icon-left\" aria-hidden=\"true\">\n\t\t\t\t\t\t\t\t\t\t\t\t\t\t\t<span class=\"elementor-toggle-icon-closed\"><i class=\"fas fa-caret-right\"><\/i><\/span>\n\t\t\t\t\t\t\t\t<span class=\"elementor-toggle-icon-opened\"><i class=\"elementor-toggle-icon-opened fas fa-caret-up\"><\/i><\/span>\n\t\t\t\t\t\t\t\t\t\t\t\t\t<\/span>\n\t\t\t\t\t\t\t\t\t\t\t\t<a class=\"elementor-toggle-title\" tabindex=\"0\">N - Schmauser Precision GmbH<\/a>\n\t\t\t\t\t<\/div>\n\n\t\t\t\t\t<div id=\"elementor-tab-content-2104\" class=\"elementor-tab-content elementor-clearfix\" data-tab=\"4\" role=\"region\" aria-labelledby=\"elementor-tab-title-2104\"><table style=\"border-collapse: collapse; width: 100%;\" border=\"1\"><tbody><tr><td style=\"width: 100%; text-align: center;\" colspan=\"2\"><a href=\"http:\/\/www.region-schwabach.de\/wordpress\/wp-content\/uploads\/2018\/12\/kein_bild_verf\u00fcgbar.jpg\"><img loading=\"lazy\" decoding=\"async\" class=\"size-medium wp-image-67782 aligncenter\" src=\"http:\/\/www.region-schwabach.de\/wordpress\/wp-content\/uploads\/2018\/12\/kein_bild_verf\u00fcgbar-300x182.jpg\" alt=\"\" width=\"300\" height=\"182\" srcset=\"https:\/\/www.region-schwabach.de\/wordpress\/wp-content\/uploads\/2018\/12\/kein_bild_verf\u00fcgbar-300x182.jpg 300w, https:\/\/www.region-schwabach.de\/wordpress\/wp-content\/uploads\/2018\/12\/kein_bild_verf\u00fcgbar.jpg 357w\" sizes=\"(max-width: 300px) 100vw, 300px\" \/><\/a><\/td><\/tr><tr><td style=\"width: 33%;\"><strong><span style=\"font-size: 12pt;\">Adresse<\/span><\/strong><\/td><td style=\"width: 98.3193%;\"><span style=\"font-size: 12pt;\">Walpersdorfer Stra\u00dfe 8<br \/>91126 Schwabach<\/span><\/td><\/tr><tr><td style=\"width: 1.68067%;\"><strong><span style=\"font-size: 12pt;\">Standort\u00a0<\/span><\/strong><\/td><td style=\"width: 98.3193%;\"><span style=\"font-size: 12pt;\">&#8212;<\/span><\/td><\/tr><tr><td style=\"width: 1.68067%;\"><strong><span style=\"font-size: 12pt;\">Verf\u00fcgbar<\/span><\/strong><\/td><td style=\"width: 98.3193%;\"><span style=\"font-size: 12pt;\">&#8212;<\/span><\/td><\/tr><tr><td style=\"width: 1.68067%;\"><strong><span style=\"font-size: 12pt;\">Telefon<\/span><\/strong><\/td><td style=\"width: 98.3193%;\">09122 1501-0<\/td><\/tr><tr><td style=\"width: 100%;\" colspan=\"2\">\u00a0<\/td><\/tr><tr><td style=\"width: 100%; text-align: center;\" colspan=\"2\"><a href=\"https:\/\/www.region-schwabach.de\/wordpress\/schmauser-precision-gmbh\/\" target=\"_blank\" rel=\"noopener\"><span style=\"font-size: 12pt;\">Mehr Infos &#8230;<\/span><\/a><\/td><\/tr><\/tbody><\/table><\/div>\n\t\t\t\t<\/div>\n\t\t\t\t\t\t\t<div class=\"elementor-toggle-item\">\n\t\t\t\t\t<div id=\"elementor-tab-title-2105\" class=\"elementor-tab-title\" data-tab=\"5\" role=\"button\" aria-controls=\"elementor-tab-content-2105\" aria-expanded=\"false\">\n\t\t\t\t\t\t\t\t\t\t\t\t<span class=\"elementor-toggle-icon elementor-toggle-icon-left\" aria-hidden=\"true\">\n\t\t\t\t\t\t\t\t\t\t\t\t\t\t\t<span class=\"elementor-toggle-icon-closed\"><i class=\"fas fa-caret-right\"><\/i><\/span>\n\t\t\t\t\t\t\t\t<span class=\"elementor-toggle-icon-opened\"><i class=\"elementor-toggle-icon-opened fas fa-caret-up\"><\/i><\/span>\n\t\t\t\t\t\t\t\t\t\t\t\t\t<\/span>\n\t\t\t\t\t\t\t\t\t\t\t\t<a class=\"elementor-toggle-title\" tabindex=\"0\">O - Sparda Bank<\/a>\n\t\t\t\t\t<\/div>\n\n\t\t\t\t\t<div id=\"elementor-tab-content-2105\" class=\"elementor-tab-content elementor-clearfix\" data-tab=\"5\" role=\"region\" aria-labelledby=\"elementor-tab-title-2105\"><p><img loading=\"lazy\" decoding=\"async\" class=\"size-medium wp-image-67854 aligncenter\" src=\"http:\/\/www.region-schwabach.de\/wordpress\/wp-content\/uploads\/2018\/12\/def-sparda-bank-300x146.jpg\" alt=\"\" width=\"300\" height=\"146\" srcset=\"https:\/\/www.region-schwabach.de\/wordpress\/wp-content\/uploads\/2018\/12\/def-sparda-bank-300x146.jpg 300w, https:\/\/www.region-schwabach.de\/wordpress\/wp-content\/uploads\/2018\/12\/def-sparda-bank-768x373.jpg 768w, https:\/\/www.region-schwabach.de\/wordpress\/wp-content\/uploads\/2018\/12\/def-sparda-bank-1024x498.jpg 1024w, https:\/\/www.region-schwabach.de\/wordpress\/wp-content\/uploads\/2018\/12\/def-sparda-bank.jpg 1280w\" sizes=\"(max-width: 300px) 100vw, 300px\" \/>\u200b<\/p><table style=\"border-collapse: collapse; width: 100%;\" border=\"1\"><tbody><tr><td style=\"width: 33%;\"><strong><span style=\"font-size: 12pt;\">Adresse<\/span><\/strong><\/td><td style=\"width: 98.3193%;\"><span style=\"font-size: 12pt;\">S\u00fcdliche Ringstra\u00dfe 5c<br \/>91126 Schwabach<\/span><\/td><\/tr><tr><td style=\"width: 1.68067%;\"><strong><span style=\"font-size: 12pt;\">Standort\u00a0<\/span><\/strong><\/td><td style=\"width: 98.3193%;\"><span style=\"font-size: 12pt;\">&#8212;<\/span><\/td><\/tr><tr><td style=\"width: 1.68067%;\"><strong><span style=\"font-size: 12pt;\">Verf\u00fcgbar<\/span><\/strong><\/td><td style=\"width: 98.3193%;\"><span style=\"font-size: 12pt;\">&#8212;<\/span><\/td><\/tr><tr><td style=\"width: 1.68067%;\"><strong><span style=\"font-size: 12pt;\">Telefon<\/span><\/strong><\/td><td style=\"width: 98.3193%;\">0911 6000 8000<\/td><\/tr><tr><td style=\"width: 100%;\" colspan=\"2\">\u00a0<\/td><\/tr><tr><td style=\"width: 100%; text-align: center;\" colspan=\"2\"><a href=\"https:\/\/www.region-schwabach.de\/wordpress\/sparda-bank-schwabach\/\" target=\"_blank\" rel=\"noopener\"><span style=\"font-size: 12pt;\">Mehr Infos &#8230;<\/span><\/a><\/td><\/tr><\/tbody><\/table><\/div>\n\t\t\t\t<\/div>\n\t\t\t\t\t\t\t<div class=\"elementor-toggle-item\">\n\t\t\t\t\t<div id=\"elementor-tab-title-2106\" class=\"elementor-tab-title\" data-tab=\"6\" role=\"button\" aria-controls=\"elementor-tab-content-2106\" aria-expanded=\"false\">\n\t\t\t\t\t\t\t\t\t\t\t\t<span class=\"elementor-toggle-icon elementor-toggle-icon-left\" aria-hidden=\"true\">\n\t\t\t\t\t\t\t\t\t\t\t\t\t\t\t<span class=\"elementor-toggle-icon-closed\"><i class=\"fas fa-caret-right\"><\/i><\/span>\n\t\t\t\t\t\t\t\t<span class=\"elementor-toggle-icon-opened\"><i class=\"elementor-toggle-icon-opened fas fa-caret-up\"><\/i><\/span>\n\t\t\t\t\t\t\t\t\t\t\t\t\t<\/span>\n\t\t\t\t\t\t\t\t\t\t\t\t<a class=\"elementor-toggle-title\" tabindex=\"0\">P - Stadtkrankenhaus<\/a>\n\t\t\t\t\t<\/div>\n\n\t\t\t\t\t<div id=\"elementor-tab-content-2106\" class=\"elementor-tab-content elementor-clearfix\" data-tab=\"6\" role=\"region\" aria-labelledby=\"elementor-tab-title-2106\"><p><a href=\"http:\/\/www.region-schwabach.de\/wordpress\/wp-content\/uploads\/2018\/12\/def-stadtkrankenhaus.jpg\"><img loading=\"lazy\" decoding=\"async\" class=\"size-medium wp-image-67856 aligncenter\" src=\"http:\/\/www.region-schwabach.de\/wordpress\/wp-content\/uploads\/2018\/12\/def-stadtkrankenhaus-300x146.jpg\" alt=\"\" width=\"300\" height=\"146\" srcset=\"https:\/\/www.region-schwabach.de\/wordpress\/wp-content\/uploads\/2018\/12\/def-stadtkrankenhaus-300x146.jpg 300w, https:\/\/www.region-schwabach.de\/wordpress\/wp-content\/uploads\/2018\/12\/def-stadtkrankenhaus-768x373.jpg 768w, https:\/\/www.region-schwabach.de\/wordpress\/wp-content\/uploads\/2018\/12\/def-stadtkrankenhaus-1024x498.jpg 1024w, https:\/\/www.region-schwabach.de\/wordpress\/wp-content\/uploads\/2018\/12\/def-stadtkrankenhaus.jpg 1280w\" sizes=\"(max-width: 300px) 100vw, 300px\" \/><\/a>\u200b<\/p><table style=\"border-collapse: collapse; width: 100%;\" border=\"1\"><tbody><tr><td style=\"width: 33%;\"><strong><span style=\"font-size: 12pt;\">Adresse<\/span><\/strong><\/td><td style=\"width: 98.3193%;\"><span style=\"font-size: 12pt;\">Regelsbacher Stra\u00dfe 7<br \/>91126 Schwabach<\/span><\/td><\/tr><tr><td style=\"width: 1.68067%;\"><strong><span style=\"font-size: 12pt;\">Standort\u00a0<\/span><\/strong><\/td><td style=\"width: 98.3193%;\">&#8212;<\/td><\/tr><tr><td style=\"width: 1.68067%;\"><strong><span style=\"font-size: 12pt;\">Verf\u00fcgbar<\/span><\/strong><\/td><td style=\"width: 98.3193%;\"><span style=\"font-size: 12pt;\">&#8212;<\/span><\/td><\/tr><tr><td style=\"width: 1.68067%;\"><strong><span style=\"font-size: 12pt;\">Telefon<\/span><\/strong><\/td><td style=\"width: 98.3193%;\">09122 182-5109<\/td><\/tr><tr><td style=\"width: 100%;\" colspan=\"2\">\u00a0<\/td><\/tr><tr><td style=\"width: 100%; text-align: center;\" colspan=\"2\"><a href=\"https:\/\/www.region-schwabach.de\/wordpress\/stadtkrankenhaus-schwabach\/\" target=\"_blank\" rel=\"noopener\"><span style=\"font-size: 12pt;\">Mehr Infos &#8230;<\/span><\/a><\/td><\/tr><\/tbody><\/table><\/div>\n\t\t\t\t<\/div>\n\t\t\t\t\t\t\t<div class=\"elementor-toggle-item\">\n\t\t\t\t\t<div id=\"elementor-tab-title-2107\" class=\"elementor-tab-title\" data-tab=\"7\" role=\"button\" aria-controls=\"elementor-tab-content-2107\" aria-expanded=\"false\">\n\t\t\t\t\t\t\t\t\t\t\t\t<span class=\"elementor-toggle-icon elementor-toggle-icon-left\" aria-hidden=\"true\">\n\t\t\t\t\t\t\t\t\t\t\t\t\t\t\t<span class=\"elementor-toggle-icon-closed\"><i class=\"fas fa-caret-right\"><\/i><\/span>\n\t\t\t\t\t\t\t\t<span class=\"elementor-toggle-icon-opened\"><i class=\"elementor-toggle-icon-opened fas fa-caret-up\"><\/i><\/span>\n\t\t\t\t\t\t\t\t\t\t\t\t\t<\/span>\n\t\t\t\t\t\t\t\t\t\t\t\t<a class=\"elementor-toggle-title\" tabindex=\"0\">Q - Technisches Hilswerk<\/a>\n\t\t\t\t\t<\/div>\n\n\t\t\t\t\t<div id=\"elementor-tab-content-2107\" class=\"elementor-tab-content elementor-clearfix\" data-tab=\"7\" role=\"region\" aria-labelledby=\"elementor-tab-title-2107\"><p><a href=\"http:\/\/www.region-schwabach.de\/wordpress\/wp-content\/uploads\/2018\/12\/def-thw.jpg\"><img loading=\"lazy\" decoding=\"async\" class=\"size-medium wp-image-67858 aligncenter\" src=\"http:\/\/www.region-schwabach.de\/wordpress\/wp-content\/uploads\/2018\/12\/def-thw-300x146.jpg\" alt=\"\" width=\"300\" height=\"146\" srcset=\"https:\/\/www.region-schwabach.de\/wordpress\/wp-content\/uploads\/2018\/12\/def-thw-300x146.jpg 300w, https:\/\/www.region-schwabach.de\/wordpress\/wp-content\/uploads\/2018\/12\/def-thw-768x373.jpg 768w, https:\/\/www.region-schwabach.de\/wordpress\/wp-content\/uploads\/2018\/12\/def-thw-1024x498.jpg 1024w, https:\/\/www.region-schwabach.de\/wordpress\/wp-content\/uploads\/2018\/12\/def-thw.jpg 1280w\" sizes=\"(max-width: 300px) 100vw, 300px\" \/><\/a>\u200b<\/p><table style=\"border-collapse: collapse; width: 100%;\" border=\"1\"><tbody><tr><td style=\"width: 33%;\"><strong><span style=\"font-size: 12pt;\">Adresse<\/span><\/strong><\/td><td style=\"width: 98.3193%;\"><span style=\"font-size: 12pt;\">Ro\u00dftaler Stra\u00dfe 13<br \/>91126 Schwabach<\/span><\/td><\/tr><tr><td style=\"width: 1.68067%;\"><strong><span style=\"font-size: 12pt;\">Standort\u00a0<\/span><\/strong><\/td><td style=\"width: 98.3193%;\">Hinter der Glast\u00fcre im Eingangsbereich<\/td><\/tr><tr><td style=\"width: 1.68067%;\"><strong><span style=\"font-size: 12pt;\">Verf\u00fcgbar<\/span><\/strong><\/td><td style=\"width: 98.3193%;\"><span style=\"font-size: 12pt;\">&#8212;<\/span><\/td><\/tr><tr><td style=\"width: 1.68067%;\"><strong><span style=\"font-size: 12pt;\">Telefon<\/span><\/strong><\/td><td style=\"width: 98.3193%;\">09122 836839<\/td><\/tr><tr><td style=\"width: 100%;\" colspan=\"2\">\u00a0<\/td><\/tr><tr><td style=\"width: 100%; text-align: center;\" colspan=\"2\"><a href=\"https:\/\/www.region-schwabach.de\/wordpress\/technisches-hilfswerk-schwabach\/\" target=\"_blank\" rel=\"noopener\"><span style=\"font-size: 12pt;\">Mehr Infos &#8230;<\/span><\/a><\/td><\/tr><\/tbody><\/table><\/div>\n\t\t\t\t<\/div>\n\t\t\t\t\t\t\t<div class=\"elementor-toggle-item\">\n\t\t\t\t\t<div id=\"elementor-tab-title-2108\" class=\"elementor-tab-title\" data-tab=\"8\" role=\"button\" aria-controls=\"elementor-tab-content-2108\" aria-expanded=\"false\">\n\t\t\t\t\t\t\t\t\t\t\t\t<span class=\"elementor-toggle-icon elementor-toggle-icon-left\" aria-hidden=\"true\">\n\t\t\t\t\t\t\t\t\t\t\t\t\t\t\t<span class=\"elementor-toggle-icon-closed\"><i class=\"fas fa-caret-right\"><\/i><\/span>\n\t\t\t\t\t\t\t\t<span class=\"elementor-toggle-icon-opened\"><i class=\"elementor-toggle-icon-opened fas fa-caret-up\"><\/i><\/span>\n\t\t\t\t\t\t\t\t\t\t\t\t\t<\/span>\n\t\t\t\t\t\t\t\t\t\t\t\t<a class=\"elementor-toggle-title\" tabindex=\"0\">R - TV 1848 Schwabach<\/a>\n\t\t\t\t\t<\/div>\n\n\t\t\t\t\t<div id=\"elementor-tab-content-2108\" class=\"elementor-tab-content elementor-clearfix\" data-tab=\"8\" role=\"region\" aria-labelledby=\"elementor-tab-title-2108\"><p><a href=\"https:\/\/www.tv1848schwabach.de\/\" target=\"_blank\" rel=\"noopener\"><img loading=\"lazy\" decoding=\"async\" class=\"size-full wp-image-68174 aligncenter\" src=\"http:\/\/www.region-schwabach.de\/wordpress\/wp-content\/uploads\/2018\/11\/logo_tv-48.png\" alt=\"\" width=\"180\" height=\"161\" \/><\/a><a href=\"http:\/\/www.region-schwabach.de\/wordpress\/wp-content\/uploads\/2018\/12\/def-tv1848.jpg\"><img loading=\"lazy\" decoding=\"async\" class=\"size-medium wp-image-67862 aligncenter\" src=\"http:\/\/www.region-schwabach.de\/wordpress\/wp-content\/uploads\/2018\/12\/def-tv1848-300x146.jpg\" alt=\"\" width=\"300\" height=\"146\" srcset=\"https:\/\/www.region-schwabach.de\/wordpress\/wp-content\/uploads\/2018\/12\/def-tv1848-300x146.jpg 300w, https:\/\/www.region-schwabach.de\/wordpress\/wp-content\/uploads\/2018\/12\/def-tv1848-768x373.jpg 768w, https:\/\/www.region-schwabach.de\/wordpress\/wp-content\/uploads\/2018\/12\/def-tv1848-1024x498.jpg 1024w, https:\/\/www.region-schwabach.de\/wordpress\/wp-content\/uploads\/2018\/12\/def-tv1848.jpg 1280w\" sizes=\"(max-width: 300px) 100vw, 300px\" \/><\/a>\u200b<\/p><table style=\"border-collapse: collapse; width: 100%;\" border=\"1\"><tbody><tr><td style=\"width: 33%;\"><strong><span style=\"font-size: 12pt;\">Adresse<\/span><\/strong><\/td><td style=\"width: 98.3193%;\"><span style=\"font-size: 12pt;\">Jahnstra\u00dfe 6<br \/>91126 Schwabach<\/span><\/td><\/tr><tr><td style=\"width: 1.68067%;\"><strong><span style=\"font-size: 12pt;\">Standort\u00a0<\/span><\/strong><\/td><td style=\"width: 98.3193%;\"><span style=\"font-size: 12pt;\">Der Defibrillator befindet\u00a0befindet sich in einem Kasten rechts neben dem Eingang zur Jahnhalle 2, und l\u00e4\u00dft sich am besten vom Haupteingang \u00fcber die Terrasse erreichen.\u00a0<\/span><\/td><\/tr><tr><td style=\"width: 1.68067%;\"><strong><span style=\"font-size: 12pt;\">Verf\u00fcgbar<\/span><\/strong><\/td><td style=\"width: 98.3193%;\"><p><span style=\"font-size: 12pt;\">Der Defi ist in der Regel immer zu den \u00d6ffnungszeiten der Jahnhalle 2 verf\u00fcgbar:<\/span><\/p><ul style=\"list-style-type: disc;\"><li><span style=\"font-size: 12pt;\">an Schultagen von 07.30 Uhr bis 22.00 Uhr, mit einigen Unterbrechungen am fr\u00fchen Nachmittag<\/span><\/li><li><span style=\"font-size: 12pt;\">an den Wochenenden, Feiertagen und in den Schulferien immer wenn eine Veranstaltung, Training oder ein Spiel bzw. ein Turnier ist<\/span><\/li><\/ul><\/td><\/tr><tr><td style=\"width: 1.68067%;\"><strong><span style=\"font-size: 12pt;\">Telefon<\/span><\/strong><\/td><td style=\"width: 98.3193%;\">09122 25 83<\/td><\/tr><tr><td style=\"width: 100%;\" colspan=\"2\">\u00a0<\/td><\/tr><tr><td style=\"width: 100%; text-align: center;\" colspan=\"2\"><a href=\"https:\/\/www.region-schwabach.de\/wordpress\/tv-1848-schwabach\/\" target=\"_blank\" rel=\"noopener\"><span style=\"font-size: 12pt;\">Mehr Infos &#8230;<\/span><\/a><\/td><\/tr><\/tbody><\/table><\/div>\n\t\t\t\t<\/div>\n\t\t\t\t\t\t\t<div class=\"elementor-toggle-item\">\n\t\t\t\t\t<div id=\"elementor-tab-title-2109\" class=\"elementor-tab-title\" data-tab=\"9\" role=\"button\" aria-controls=\"elementor-tab-content-2109\" aria-expanded=\"false\">\n\t\t\t\t\t\t\t\t\t\t\t\t<span class=\"elementor-toggle-icon elementor-toggle-icon-left\" aria-hidden=\"true\">\n\t\t\t\t\t\t\t\t\t\t\t\t\t\t\t<span class=\"elementor-toggle-icon-closed\"><i class=\"fas fa-caret-right\"><\/i><\/span>\n\t\t\t\t\t\t\t\t<span class=\"elementor-toggle-icon-opened\"><i class=\"elementor-toggle-icon-opened fas fa-caret-up\"><\/i><\/span>\n\t\t\t\t\t\t\t\t\t\t\t\t\t<\/span>\n\t\t\t\t\t\t\t\t\t\t\t\t<a class=\"elementor-toggle-title\" tabindex=\"0\">S - Zahnarztpraxis Dr. Wallner<\/a>\n\t\t\t\t\t<\/div>\n\n\t\t\t\t\t<div id=\"elementor-tab-content-2109\" class=\"elementor-tab-content elementor-clearfix\" data-tab=\"9\" role=\"region\" aria-labelledby=\"elementor-tab-title-2109\"><p><a href=\"http:\/\/www.region-schwabach.de\/wordpress\/wp-content\/uploads\/2019\/01\/def-wallner1-e1546849738134.jpg\"><img loading=\"lazy\" decoding=\"async\" class=\"size-medium wp-image-73420 aligncenter\" src=\"http:\/\/www.region-schwabach.de\/wordpress\/wp-content\/uploads\/2019\/01\/def-wallner1-300x200.jpg\" alt=\"\" width=\"300\" height=\"200\" \/><\/a>\u200b<\/p><table style=\"border-collapse: collapse; width: 100%;\" border=\"1\"><tbody><tr><td style=\"width: 33%;\"><strong><span style=\"font-size: 12pt;\">Adresse<\/span><\/strong><\/td><td style=\"width: 98.3193%;\"><span style=\"font-size: 12pt;\">S\u00fcdliche Ringstra\u00dfe 4<br \/>91126 Schwabach<\/span><\/td><\/tr><tr><td style=\"width: 1.68067%;\"><strong><span style=\"font-size: 12pt;\">Standort\u00a0<\/span><\/strong><\/td><td style=\"width: 98.3193%;\"><span style=\"font-size: 12pt;\">Der Defibrillator befindet sich im Behandlungszimmer der Zahnarztpraxis.<\/span><\/td><\/tr><tr><td style=\"width: 1.68067%;\"><strong><span style=\"font-size: 12pt;\">Verf\u00fcgbar<\/span><\/strong><\/td><td style=\"width: 98.3193%;\"><p><span style=\"font-size: 12pt;\">Zugang zum Defibrillator besteht auf jeden Fall immer zu den Sprechzeiten:<\/span><\/p><ul style=\"list-style-type: disc;\"><li><span style=\"font-size: 12pt;\"> Mo. &#8211; Fr.\u00a0 09.00 Uhr &#8211; 12.00 Uhr <\/span><\/li><li><span style=\"font-size: 12pt;\">Mo., Di., Do.\u00a0 14.00 Uhr &#8211; 18.00 Uhr<\/span><\/li><\/ul><p><span style=\"font-size: 12pt;\">Meistens ist die Praxis jedoch von 07.30 Uhr bis 18.00 durchgehend besetzt.<\/span><\/p><\/td><\/tr><tr><td style=\"width: 1.68067%;\"><strong><span style=\"font-size: 12pt;\">Telefon<\/span><\/strong><\/td><td style=\"width: 98.3193%;\"><span style=\"font-size: 12pt;\">09122 2326<\/span><\/td><\/tr><tr><td style=\"width: 100%;\" colspan=\"2\">\u00a0<\/td><\/tr><tr><td style=\"width: 100%; text-align: center;\" colspan=\"2\"><a href=\"https:\/\/www.region-schwabach.de\/wordpress\/zahnarztpraxis-dr-wallner\/\" target=\"_blank\" rel=\"noopener\"><span style=\"font-size: 12pt;\">Mehr Infos &#8230;<\/span><\/a><\/td><\/tr><\/tbody><\/table><\/div>\n\t\t\t\t<\/div>\n\t\t\t\t\t\t\t\t<\/div>\n\t\t\t\t<\/div>\n\t\t\t\t<\/div>\n\t\t\t\t\t<\/div>\n\t\t<\/div>\n\t\t\t\t\t<\/div>\n\t\t<\/section>\n\t\t\t\t<section class=\"elementor-section elementor-top-section elementor-element elementor-element-11ad575 elementor-section-boxed elementor-section-height-default elementor-section-height-default\" data-id=\"11ad575\" data-element_type=\"section\">\n\t\t\t\t\t\t<div class=\"elementor-container elementor-column-gap-default\">\n\t\t\t\t\t<div class=\"elementor-column elementor-col-100 elementor-top-column elementor-element elementor-element-af80cfa\" data-id=\"af80cfa\" data-element_type=\"column\">\n\t\t\t<div class=\"elementor-widget-wrap elementor-element-populated\">\n\t\t\t\t\t\t<div class=\"elementor-element elementor-element-5da6617 elementor-widget-divider--view-line elementor-widget elementor-widget-divider\" data-id=\"5da6617\" data-element_type=\"widget\" data-widget_type=\"divider.default\">\n\t\t\t\t<div class=\"elementor-widget-container\">\n\t\t\t\t\t<div class=\"elementor-divider\">\n\t\t\t<span class=\"elementor-divider-separator\">\n\t\t\t\t\t\t<\/span>\n\t\t<\/div>\n\t\t\t\t<\/div>\n\t\t\t\t<\/div>\n\t\t\t\t\t<\/div>\n\t\t<\/div>\n\t\t\t\t\t<\/div>\n\t\t<\/section>\n\t\t\t\t<section class=\"elementor-section elementor-top-section elementor-element elementor-element-343d892 elementor-section-boxed elementor-section-height-default elementor-section-height-default\" data-id=\"343d892\" data-element_type=\"section\">\n\t\t\t\t\t\t<div class=\"elementor-container elementor-column-gap-default\">\n\t\t\t\t\t<div class=\"elementor-column elementor-col-100 elementor-top-column elementor-element elementor-element-0e93aa5\" data-id=\"0e93aa5\" data-element_type=\"column\">\n\t\t\t<div class=\"elementor-widget-wrap elementor-element-populated\">\n\t\t\t\t\t\t<div class=\"elementor-element elementor-element-5f6c94e elementor-widget elementor-widget-shortcode\" data-id=\"5f6c94e\" data-element_type=\"widget\" data-widget_type=\"shortcode.default\">\n\t\t\t\t<div class=\"elementor-widget-container\">\n\t\t\t\t\t<div class=\"elementor-shortcode\"><div class=\"gmw-shortcode-widget\"><\/div>\n\n<\/div>\n\t\t\t\t<\/div>\n\t\t\t\t<\/div>\n\t\t\t\t\t<\/div>\n\t\t<\/div>\n\t\t\t\t\t<\/div>\n\t\t<\/section>\n\t\t\t\t<section class=\"elementor-section elementor-top-section elementor-element elementor-element-8d7ef24 elementor-section-boxed elementor-section-height-default elementor-section-height-default\" data-id=\"8d7ef24\" data-element_type=\"section\">\n\t\t\t\t\t\t<div class=\"elementor-container elementor-column-gap-default\">\n\t\t\t\t\t<div class=\"elementor-column elementor-col-50 elementor-top-column elementor-element elementor-element-b75667b\" data-id=\"b75667b\" data-element_type=\"column\">\n\t\t\t<div class=\"elementor-widget-wrap elementor-element-populated\">\n\t\t\t\t\t\t<div class=\"elementor-element elementor-element-6af1a28 elementor-widget elementor-widget-toggle\" data-id=\"6af1a28\" data-element_type=\"widget\" data-widget_type=\"toggle.default\">\n\t\t\t\t<div class=\"elementor-widget-container\">\n\t\t\t\t\t<div class=\"elementor-toggle\">\n\t\t\t\t\t\t\t<div class=\"elementor-toggle-item\">\n\t\t\t\t\t<div id=\"elementor-tab-title-1121\" class=\"elementor-tab-title\" data-tab=\"1\" role=\"button\" aria-controls=\"elementor-tab-content-1121\" aria-expanded=\"false\">\n\t\t\t\t\t\t\t\t\t\t\t\t<span class=\"elementor-toggle-icon elementor-toggle-icon-left\" aria-hidden=\"true\">\n\t\t\t\t\t\t\t\t\t\t\t\t\t\t\t<span class=\"elementor-toggle-icon-closed\"><i class=\"fas fa-caret-right\"><\/i><\/span>\n\t\t\t\t\t\t\t\t<span class=\"elementor-toggle-icon-opened\"><i class=\"elementor-toggle-icon-opened fas fa-caret-up\"><\/i><\/span>\n\t\t\t\t\t\t\t\t\t\t\t\t\t<\/span>\n\t\t\t\t\t\t\t\t\t\t\t\t<a class=\"elementor-toggle-title\" tabindex=\"0\">A - Golfclub Abenberg<\/a>\n\t\t\t\t\t<\/div>\n\n\t\t\t\t\t<div id=\"elementor-tab-content-1121\" class=\"elementor-tab-content elementor-clearfix\" data-tab=\"1\" role=\"region\" aria-labelledby=\"elementor-tab-title-1121\"><table style=\"border-collapse: collapse; width: 100%;\" border=\"1\"><tbody><tr><td style=\"width: 100%; text-align: center;\" colspan=\"2\"><a href=\"http:\/\/www.region-schwabach.de\/wordpress\/wp-content\/uploads\/2018\/12\/def-abenberg-e1543958775790.jpg\"><img loading=\"lazy\" decoding=\"async\" class=\"size-medium wp-image-67975 aligncenter\" src=\"http:\/\/www.region-schwabach.de\/wordpress\/wp-content\/uploads\/2018\/12\/def-abenberg-300x146.jpg\" alt=\"\" width=\"300\" height=\"146\" \/><\/a><\/td><\/tr><tr><td style=\"width: 33%;\"><strong><span style=\"font-size: 12pt;\">Adresse<\/span><\/strong><\/td><td style=\"width: 98.3193%;\"><span style=\"font-size: 12pt;\">Am Golfplatz 19<br \/>91183 Abenberg<\/span><\/td><\/tr><tr><td style=\"width: 1.68067%;\"><strong><span style=\"font-size: 12pt;\">Standort\u00a0<\/span><\/strong><\/td><td style=\"width: 98.3193%;\"><span style=\"font-size: 12pt;\">Der Defibrillator befindet sich rechts neben der Glast\u00fcre im Eingangsbereich.<\/span><\/td><\/tr><tr><td style=\"width: 1.68067%;\"><strong><span style=\"font-size: 12pt;\">Verf\u00fcgbar<\/span><\/strong><\/td><td style=\"width: 98.3193%;\"><span style=\"font-size: 12pt;\">&#8212;<\/span><\/td><\/tr><tr><td style=\"width: 1.68067%;\"><strong><span style=\"font-size: 12pt;\">Telefon<\/span><\/strong><\/td><td style=\"width: 98.3193%;\"><span style=\"font-size: 12pt;\">09178 9896-0<\/span><\/td><\/tr><tr><td style=\"width: 100%;\" colspan=\"2\">\u00a0<\/td><\/tr><tr><td style=\"width: 100%; text-align: center;\" colspan=\"2\"><a href=\"https:\/\/www.region-schwabach.de\/wordpress\/abenberg-golfclub-abenberg\/\" target=\"_blank\" rel=\"noopener\"><span style=\"font-size: 12pt;\">Mehr Infos &#8230;<\/span><\/a><\/td><\/tr><\/tbody><\/table><\/div>\n\t\t\t\t<\/div>\n\t\t\t\t\t\t\t<div class=\"elementor-toggle-item\">\n\t\t\t\t\t<div id=\"elementor-tab-title-1122\" class=\"elementor-tab-title\" data-tab=\"2\" role=\"button\" aria-controls=\"elementor-tab-content-1122\" aria-expanded=\"false\">\n\t\t\t\t\t\t\t\t\t\t\t\t<span class=\"elementor-toggle-icon elementor-toggle-icon-left\" aria-hidden=\"true\">\n\t\t\t\t\t\t\t\t\t\t\t\t\t\t\t<span class=\"elementor-toggle-icon-closed\"><i class=\"fas fa-caret-right\"><\/i><\/span>\n\t\t\t\t\t\t\t\t<span class=\"elementor-toggle-icon-opened\"><i class=\"elementor-toggle-icon-opened fas fa-caret-up\"><\/i><\/span>\n\t\t\t\t\t\t\t\t\t\t\t\t\t<\/span>\n\t\t\t\t\t\t\t\t\t\t\t\t<a class=\"elementor-toggle-title\" tabindex=\"0\">B - DVAG Barthelmesaurach<\/a>\n\t\t\t\t\t<\/div>\n\n\t\t\t\t\t<div id=\"elementor-tab-content-1122\" class=\"elementor-tab-content elementor-clearfix\" data-tab=\"2\" role=\"region\" aria-labelledby=\"elementor-tab-title-1122\"><table style=\"border-collapse: collapse; width: 100%;\" border=\"1\"><tbody><tr><td style=\"width: 100%; text-align: center;\" colspan=\"2\"><a href=\"http:\/\/www.region-schwabach.de\/wordpress\/wp-content\/uploads\/2018\/12\/def-barthelmessaurach-e1543959140232.jpg\"><img loading=\"lazy\" decoding=\"async\" class=\"alignnone size-medium wp-image-67978\" src=\"http:\/\/www.region-schwabach.de\/wordpress\/wp-content\/uploads\/2018\/12\/def-barthelmessaurach-300x146.jpg\" alt=\"\" width=\"300\" height=\"146\" \/><\/a><\/td><\/tr><tr><td style=\"width: 33%;\"><strong><span style=\"font-size: 12pt;\">Adresse<\/span><\/strong><\/td><td style=\"width: 98.3193%;\"><span style=\"font-size: 12pt;\">Aurachh\u00f6he 3<br \/>91126 Barthelmesaurach<\/span><\/td><\/tr><tr><td style=\"width: 1.68067%;\"><strong><span style=\"font-size: 12pt;\">Standort\u00a0<\/span><\/strong><\/td><td style=\"width: 98.3193%;\"><span style=\"font-size: 12pt;\">&#8212;<\/span><\/td><\/tr><tr><td style=\"width: 1.68067%;\"><strong><span style=\"font-size: 12pt;\">Verf\u00fcgbar<\/span><\/strong><\/td><td style=\"width: 98.3193%;\"><span style=\"font-size: 12pt;\">&#8212;<\/span><\/td><\/tr><tr><td style=\"width: 1.68067%;\"><strong><span style=\"font-size: 12pt;\">Telefon<\/span><\/strong><\/td><td style=\"width: 98.3193%;\"><span style=\"font-size: 12pt;\">09178 997-0<\/span><\/td><\/tr><tr><td style=\"width: 100%;\" colspan=\"2\">\u00a0<\/td><\/tr><tr><td style=\"width: 100%; text-align: center;\" colspan=\"2\"><a href=\"https:\/\/www.region-schwabach.de\/wordpress\/barthelmessaurach-deutsche-vermoegensberatung-bbz-2\/\" target=\"_blank\" rel=\"noopener\"><span style=\"font-size: 12pt;\">Mehr Infos &#8230;<\/span><\/a><\/td><\/tr><\/tbody><\/table><\/div>\n\t\t\t\t<\/div>\n\t\t\t\t\t\t\t<div class=\"elementor-toggle-item\">\n\t\t\t\t\t<div id=\"elementor-tab-title-1123\" class=\"elementor-tab-title\" data-tab=\"3\" role=\"button\" aria-controls=\"elementor-tab-content-1123\" aria-expanded=\"false\">\n\t\t\t\t\t\t\t\t\t\t\t\t<span class=\"elementor-toggle-icon elementor-toggle-icon-left\" aria-hidden=\"true\">\n\t\t\t\t\t\t\t\t\t\t\t\t\t\t\t<span class=\"elementor-toggle-icon-closed\"><i class=\"fas fa-caret-right\"><\/i><\/span>\n\t\t\t\t\t\t\t\t<span class=\"elementor-toggle-icon-opened\"><i class=\"elementor-toggle-icon-opened fas fa-caret-up\"><\/i><\/span>\n\t\t\t\t\t\t\t\t\t\t\t\t\t<\/span>\n\t\t\t\t\t\t\t\t\t\t\t\t<a class=\"elementor-toggle-title\" tabindex=\"0\">C - Sportverein Barthelmesaurach<\/a>\n\t\t\t\t\t<\/div>\n\n\t\t\t\t\t<div id=\"elementor-tab-content-1123\" class=\"elementor-tab-content elementor-clearfix\" data-tab=\"3\" role=\"region\" aria-labelledby=\"elementor-tab-title-1123\"><p><img loading=\"lazy\" decoding=\"async\" class=\"size-medium wp-image-67981 aligncenter\" src=\"http:\/\/www.region-schwabach.de\/wordpress\/wp-content\/uploads\/2018\/12\/def-barthelmessaurach-sport-300x146.jpg\" alt=\"\" width=\"300\" height=\"146\" \/>\u200b<\/p><table style=\"border-collapse: collapse; width: 100%;\" border=\"1\"><tbody><tr><td style=\"width: 33%;\"><strong><span style=\"font-size: 12pt;\">Adresse<\/span><\/strong><\/td><td style=\"width: 98.3193%;\"><span style=\"font-size: 12pt;\">Schwalbenstra\u00dfe 4<br \/>91126 Barthelmesaurach<\/span><\/td><\/tr><tr><td style=\"width: 1.68067%;\"><strong><span style=\"font-size: 12pt;\">Standort\u00a0<\/span><\/strong><\/td><td style=\"width: 98.3193%;\"><span style=\"font-size: 12pt;\">&#8212;<\/span><\/td><\/tr><tr><td style=\"width: 1.68067%;\"><strong><span style=\"font-size: 12pt;\">Verf\u00fcgbar<\/span><\/strong><\/td><td style=\"width: 98.3193%;\"><span style=\"font-size: 12pt;\">&#8212;<\/span><\/td><\/tr><tr><td style=\"width: 1.68067%;\"><strong><span style=\"font-size: 12pt;\">Telefon<\/span><\/strong><\/td><td style=\"width: 98.3193%;\"><span style=\"font-size: 12pt;\">09178 1700<\/span><\/td><\/tr><tr><td style=\"width: 100%;\" colspan=\"2\">\u00a0<\/td><\/tr><tr><td style=\"width: 100%; text-align: center;\" colspan=\"2\"><span style=\"font-size: 12pt;\">Mehr Infos &#8230;<\/span><\/td><\/tr><\/tbody><\/table><\/div>\n\t\t\t\t<\/div>\n\t\t\t\t\t\t\t<div class=\"elementor-toggle-item\">\n\t\t\t\t\t<div id=\"elementor-tab-title-1124\" class=\"elementor-tab-title\" data-tab=\"4\" role=\"button\" aria-controls=\"elementor-tab-content-1124\" aria-expanded=\"false\">\n\t\t\t\t\t\t\t\t\t\t\t\t<span class=\"elementor-toggle-icon elementor-toggle-icon-left\" aria-hidden=\"true\">\n\t\t\t\t\t\t\t\t\t\t\t\t\t\t\t<span class=\"elementor-toggle-icon-closed\"><i class=\"fas fa-caret-right\"><\/i><\/span>\n\t\t\t\t\t\t\t\t<span class=\"elementor-toggle-icon-opened\"><i class=\"elementor-toggle-icon-opened fas fa-caret-up\"><\/i><\/span>\n\t\t\t\t\t\t\t\t\t\t\t\t\t<\/span>\n\t\t\t\t\t\t\t\t\t\t\t\t<a class=\"elementor-toggle-title\" tabindex=\"0\">D - Raiffeisenbank B\u00fcchenbach<\/a>\n\t\t\t\t\t<\/div>\n\n\t\t\t\t\t<div id=\"elementor-tab-content-1124\" class=\"elementor-tab-content elementor-clearfix\" data-tab=\"4\" role=\"region\" aria-labelledby=\"elementor-tab-title-1124\"><p><img loading=\"lazy\" decoding=\"async\" class=\"size-medium wp-image-67984 aligncenter\" src=\"http:\/\/www.region-schwabach.de\/wordpress\/wp-content\/uploads\/2018\/12\/def-buechenbach-300x146.jpg\" alt=\"\" width=\"300\" height=\"146\" \/>\u200b<\/p><table style=\"border-collapse: collapse; width: 100%;\" border=\"1\"><tbody><tr><td style=\"width: 33%;\"><strong><span style=\"font-size: 12pt;\">Adresse<\/span><\/strong><\/td><td style=\"width: 98.3193%;\"><span style=\"font-size: 12pt;\">Obere Bahnhofstra\u00dfe 2<br \/>9186 B\u00fcchenbach<\/span><\/td><\/tr><tr><td style=\"width: 1.68067%;\"><strong><span style=\"font-size: 12pt;\">Standort\u00a0<\/span><\/strong><\/td><td style=\"width: 98.3193%;\"><span style=\"font-size: 12pt;\">Der Defibrillator befindet sich im Foyer der Filiale<\/span><\/td><\/tr><tr><td style=\"width: 1.68067%;\"><strong><span style=\"font-size: 12pt;\">Verf\u00fcgbar<\/span><\/strong><\/td><td style=\"width: 98.3193%;\"><span style=\"font-size: 12pt;\">Der Defibrillator ist rund um die Uhr verf\u00fcgbar<\/span><\/td><\/tr><tr><td style=\"width: 1.68067%;\"><strong><span style=\"font-size: 12pt;\">Telefon<\/span><\/strong><\/td><td style=\"width: 98.3193%;\"><span style=\"font-size: 12pt;\">09122 1504-0<\/span><\/td><\/tr><tr><td style=\"width: 100%;\" colspan=\"2\">\u00a0<\/td><\/tr><tr><td style=\"width: 100%; text-align: center;\" colspan=\"2\"><a href=\"https:\/\/www.region-schwabach.de\/wordpress\/buechenbach-raiffeisenbank\/\" target=\"_blank\" rel=\"noopener\"><span style=\"font-size: 12pt;\">Mehr Infos &#8230;<\/span><\/a><\/td><\/tr><\/tbody><\/table><\/div>\n\t\t\t\t<\/div>\n\t\t\t\t\t\t\t<div class=\"elementor-toggle-item\">\n\t\t\t\t\t<div id=\"elementor-tab-title-1125\" class=\"elementor-tab-title\" data-tab=\"5\" role=\"button\" aria-controls=\"elementor-tab-content-1125\" aria-expanded=\"false\">\n\t\t\t\t\t\t\t\t\t\t\t\t<span class=\"elementor-toggle-icon elementor-toggle-icon-left\" aria-hidden=\"true\">\n\t\t\t\t\t\t\t\t\t\t\t\t\t\t\t<span class=\"elementor-toggle-icon-closed\"><i class=\"fas fa-caret-right\"><\/i><\/span>\n\t\t\t\t\t\t\t\t<span class=\"elementor-toggle-icon-opened\"><i class=\"elementor-toggle-icon-opened fas fa-caret-up\"><\/i><\/span>\n\t\t\t\t\t\t\t\t\t\t\t\t\t<\/span>\n\t\t\t\t\t\t\t\t\t\t\t\t<a class=\"elementor-toggle-title\" tabindex=\"0\">E - Freiwillige Feuerwehr Kammerstein<\/a>\n\t\t\t\t\t<\/div>\n\n\t\t\t\t\t<div id=\"elementor-tab-content-1125\" class=\"elementor-tab-content elementor-clearfix\" data-tab=\"5\" role=\"region\" aria-labelledby=\"elementor-tab-title-1125\"><p><a href=\"http:\/\/www.region-schwabach.de\/wordpress\/wp-content\/uploads\/2018\/12\/def-kammerstein-feuerwehr-e1543960364295.jpg\"><img loading=\"lazy\" decoding=\"async\" class=\"size-medium wp-image-67988 aligncenter\" src=\"http:\/\/www.region-schwabach.de\/wordpress\/wp-content\/uploads\/2018\/12\/def-kammerstein-feuerwehr-300x146.jpg\" alt=\"\" width=\"300\" height=\"146\" \/><\/a>\u200b<\/p><table style=\"border-collapse: collapse; width: 100%;\" border=\"1\"><tbody><tr><td style=\"width: 33%;\"><strong><span style=\"font-size: 12pt;\">Adresse<\/span><\/strong><\/td><td style=\"width: 98.3193%;\"><span style=\"font-size: 12pt;\">Dorfstra\u00dfe 25<br \/>91126 Kammerstein<\/span><\/td><\/tr><tr><td style=\"width: 1.68067%;\"><strong><span style=\"font-size: 12pt;\">Standort\u00a0<\/span><\/strong><\/td><td style=\"width: 98.3193%;\">&#8212;<\/td><\/tr><tr><td style=\"width: 1.68067%;\"><strong><span style=\"font-size: 12pt;\">Verf\u00fcgbar<\/span><\/strong><\/td><td style=\"width: 98.3193%;\"><span style=\"font-size: 12pt;\">&#8212;<\/span><\/td><\/tr><tr><td style=\"width: 1.68067%;\"><strong><span style=\"font-size: 12pt;\">Telefon<\/span><\/strong><\/td><td style=\"width: 98.3193%;\"><span style=\"font-size: 12pt;\">09122 16096<\/span><\/td><\/tr><tr><td style=\"width: 100%;\" colspan=\"2\">\u00a0<\/td><\/tr><tr><td style=\"width: 100%; text-align: center;\" colspan=\"2\"><span style=\"font-size: 12pt;\">Mehr Infos &#8230;<\/span><\/td><\/tr><\/tbody><\/table><\/div>\n\t\t\t\t<\/div>\n\t\t\t\t\t\t\t<div class=\"elementor-toggle-item\">\n\t\t\t\t\t<div id=\"elementor-tab-title-1126\" class=\"elementor-tab-title\" data-tab=\"6\" role=\"button\" aria-controls=\"elementor-tab-content-1126\" aria-expanded=\"false\">\n\t\t\t\t\t\t\t\t\t\t\t\t<span class=\"elementor-toggle-icon elementor-toggle-icon-left\" aria-hidden=\"true\">\n\t\t\t\t\t\t\t\t\t\t\t\t\t\t\t<span class=\"elementor-toggle-icon-closed\"><i class=\"fas fa-caret-right\"><\/i><\/span>\n\t\t\t\t\t\t\t\t<span class=\"elementor-toggle-icon-opened\"><i class=\"elementor-toggle-icon-opened fas fa-caret-up\"><\/i><\/span>\n\t\t\t\t\t\t\t\t\t\t\t\t\t<\/span>\n\t\t\t\t\t\t\t\t\t\t\t\t<a class=\"elementor-toggle-title\" tabindex=\"0\">F - Rastst\u00e4tte Kammerstein Nord<\/a>\n\t\t\t\t\t<\/div>\n\n\t\t\t\t\t<div id=\"elementor-tab-content-1126\" class=\"elementor-tab-content elementor-clearfix\" data-tab=\"6\" role=\"region\" aria-labelledby=\"elementor-tab-title-1126\"><table style=\"border-collapse: collapse; width: 100%;\" border=\"1\"><tbody><tr><td style=\"width: 100%; text-align: center;\" colspan=\"2\"><a href=\"http:\/\/www.region-schwabach.de\/wordpress\/wp-content\/uploads\/2018\/12\/def-kammersteiner-land1.jpg\"><img loading=\"lazy\" decoding=\"async\" class=\"alignnone size-medium wp-image-67990\" src=\"http:\/\/www.region-schwabach.de\/wordpress\/wp-content\/uploads\/2018\/12\/def-kammersteiner-land1-222x300.jpg\" alt=\"\" width=\"222\" height=\"300\" srcset=\"https:\/\/www.region-schwabach.de\/wordpress\/wp-content\/uploads\/2018\/12\/def-kammersteiner-land1-222x300.jpg 222w, https:\/\/www.region-schwabach.de\/wordpress\/wp-content\/uploads\/2018\/12\/def-kammersteiner-land1.jpg 362w\" sizes=\"(max-width: 222px) 100vw, 222px\" \/><\/a><\/td><\/tr><tr><td style=\"width: 33%;\"><strong><span style=\"font-size: 12pt;\">Adresse<\/span><\/strong><\/td><td style=\"width: 98.3193%;\"><span style=\"font-size: 12pt;\">Kammersteiner Land<br \/>91126 Schwabach<\/span><\/td><\/tr><tr><td style=\"width: 1.68067%;\"><strong><span style=\"font-size: 12pt;\">Standort\u00a0<\/span><\/strong><\/td><td style=\"width: 98.3193%;\"><span style=\"font-size: 12pt;\">&#8212;<\/span><\/td><\/tr><tr><td style=\"width: 1.68067%;\"><strong><span style=\"font-size: 12pt;\">Verf\u00fcgbar<\/span><\/strong><\/td><td style=\"width: 98.3193%;\"><span style=\"font-size: 12pt;\">&#8212;<\/span><\/td><\/tr><tr><td style=\"width: 1.68067%;\"><strong><span style=\"font-size: 12pt;\">Telefon<\/span><\/strong><\/td><td style=\"width: 98.3193%;\"><span style=\"font-size: 12pt;\">09122 603980<\/span><\/td><\/tr><tr><td style=\"width: 100%;\" colspan=\"2\">\u00a0<\/td><\/tr><tr><td style=\"width: 100%; text-align: center;\" colspan=\"2\"><span style=\"font-size: 12pt;\">Mehr Infos &#8230;<\/span><\/td><\/tr><\/tbody><\/table><\/div>\n\t\t\t\t<\/div>\n\t\t\t\t\t\t\t<div class=\"elementor-toggle-item\">\n\t\t\t\t\t<div id=\"elementor-tab-title-1127\" class=\"elementor-tab-title\" data-tab=\"7\" role=\"button\" aria-controls=\"elementor-tab-content-1127\" aria-expanded=\"false\">\n\t\t\t\t\t\t\t\t\t\t\t\t<span class=\"elementor-toggle-icon elementor-toggle-icon-left\" aria-hidden=\"true\">\n\t\t\t\t\t\t\t\t\t\t\t\t\t\t\t<span class=\"elementor-toggle-icon-closed\"><i class=\"fas fa-caret-right\"><\/i><\/span>\n\t\t\t\t\t\t\t\t<span class=\"elementor-toggle-icon-opened\"><i class=\"elementor-toggle-icon-opened fas fa-caret-up\"><\/i><\/span>\n\t\t\t\t\t\t\t\t\t\t\t\t\t<\/span>\n\t\t\t\t\t\t\t\t\t\t\t\t<a class=\"elementor-toggle-title\" tabindex=\"0\">G - Rastst\u00e4tte Kammerstein S\u00fcd<\/a>\n\t\t\t\t\t<\/div>\n\n\t\t\t\t\t<div id=\"elementor-tab-content-1127\" class=\"elementor-tab-content elementor-clearfix\" data-tab=\"7\" role=\"region\" aria-labelledby=\"elementor-tab-title-1127\"><p><a href=\"http:\/\/www.region-schwabach.de\/wordpress\/wp-content\/uploads\/2018\/12\/def-kammersteiner-land1.jpg\"><img loading=\"lazy\" decoding=\"async\" class=\"size-medium wp-image-67990 aligncenter\" src=\"http:\/\/www.region-schwabach.de\/wordpress\/wp-content\/uploads\/2018\/12\/def-kammersteiner-land1-222x300.jpg\" alt=\"\" width=\"222\" height=\"300\" srcset=\"https:\/\/www.region-schwabach.de\/wordpress\/wp-content\/uploads\/2018\/12\/def-kammersteiner-land1-222x300.jpg 222w, https:\/\/www.region-schwabach.de\/wordpress\/wp-content\/uploads\/2018\/12\/def-kammersteiner-land1.jpg 362w\" sizes=\"(max-width: 222px) 100vw, 222px\" \/><\/a>\u200b<\/p><table style=\"border-collapse: collapse; width: 100%;\" border=\"1\"><tbody><tr><td style=\"width: 33%;\"><strong><span style=\"font-size: 12pt;\">Adresse<\/span><\/strong><\/td><td style=\"width: 98.3193%;\"><span style=\"font-size: 12pt;\">Kammersteiner Land 1<br \/>91126 Kammerstein<\/span><\/td><\/tr><tr><td style=\"width: 1.68067%;\"><strong><span style=\"font-size: 12pt;\">Standort\u00a0<\/span><\/strong><\/td><td style=\"width: 98.3193%;\">&#8212;<\/td><\/tr><tr><td style=\"width: 1.68067%;\"><strong><span style=\"font-size: 12pt;\">Verf\u00fcgbar<\/span><\/strong><\/td><td style=\"width: 98.3193%;\"><span style=\"font-size: 12pt;\">&#8212;<\/span><\/td><\/tr><tr><td style=\"width: 1.68067%;\"><strong><span style=\"font-size: 12pt;\">Telefon<\/span><\/strong><\/td><td style=\"width: 98.3193%;\"><span style=\"font-size: 12pt;\">09122 603970<\/span><\/td><\/tr><tr><td style=\"width: 100%;\" colspan=\"2\">\u00a0<\/td><\/tr><tr><td style=\"width: 100%; text-align: center;\" colspan=\"2\"><span style=\"font-size: 12pt;\">Mehr Infos &#8230;<\/span><\/td><\/tr><\/tbody><\/table><\/div>\n\t\t\t\t<\/div>\n\t\t\t\t\t\t\t\t<\/div>\n\t\t\t\t<\/div>\n\t\t\t\t<\/div>\n\t\t\t\t\t<\/div>\n\t\t<\/div>\n\t\t\t\t<div class=\"elementor-column elementor-col-50 elementor-top-column elementor-element elementor-element-fe48b7b\" data-id=\"fe48b7b\" data-element_type=\"column\">\n\t\t\t<div class=\"elementor-widget-wrap elementor-element-populated\">\n\t\t\t\t\t\t<div class=\"elementor-element elementor-element-6ba2ce5 elementor-widget elementor-widget-toggle\" data-id=\"6ba2ce5\" data-element_type=\"widget\" data-widget_type=\"toggle.default\">\n\t\t\t\t<div class=\"elementor-widget-container\">\n\t\t\t\t\t<div class=\"elementor-toggle\">\n\t\t\t\t\t\t\t<div class=\"elementor-toggle-item\">\n\t\t\t\t\t<div id=\"elementor-tab-title-1121\" class=\"elementor-tab-title\" data-tab=\"1\" role=\"button\" aria-controls=\"elementor-tab-content-1121\" aria-expanded=\"false\">\n\t\t\t\t\t\t\t\t\t\t\t\t<span class=\"elementor-toggle-icon elementor-toggle-icon-left\" aria-hidden=\"true\">\n\t\t\t\t\t\t\t\t\t\t\t\t\t\t\t<span class=\"elementor-toggle-icon-closed\"><i class=\"fas fa-caret-right\"><\/i><\/span>\n\t\t\t\t\t\t\t\t<span class=\"elementor-toggle-icon-opened\"><i class=\"elementor-toggle-icon-opened fas fa-caret-up\"><\/i><\/span>\n\t\t\t\t\t\t\t\t\t\t\t\t\t<\/span>\n\t\t\t\t\t\t\t\t\t\t\t\t<a class=\"elementor-toggle-title\" tabindex=\"0\">H - Sparkasse Kleinschwarzenlohe<\/a>\n\t\t\t\t\t<\/div>\n\n\t\t\t\t\t<div id=\"elementor-tab-content-1121\" class=\"elementor-tab-content elementor-clearfix\" data-tab=\"1\" role=\"region\" aria-labelledby=\"elementor-tab-title-1121\"><p><a href=\"https:\/\/www.sparkasse-mittelfranken-sued.de\/de\/home.html\" target=\"_blank\" rel=\"noopener\"><img loading=\"lazy\" decoding=\"async\" class=\"size-medium wp-image-70608 aligncenter\" src=\"http:\/\/www.region-schwabach.de\/wordpress\/wp-content\/uploads\/2018\/12\/SPK-MFRS_Positiv-300x124.jpg\" alt=\"\" width=\"300\" height=\"124\" \/><\/a><\/p><p><a href=\"https:\/\/www.sparkasse-mittelfranken-sued.de\/de\/home.html\" target=\"_blank\" rel=\"noopener\"><img loading=\"lazy\" decoding=\"async\" class=\"size-medium wp-image-67995 aligncenter\" src=\"http:\/\/www.region-schwabach.de\/wordpress\/wp-content\/uploads\/2018\/12\/def-kleinschwarzenlohe-300x146.jpg\" alt=\"\" width=\"300\" height=\"146\" \/><\/a>\u200b<\/p><table style=\"border-collapse: collapse; width: 100%;\" border=\"1\"><tbody><tr><td style=\"width: 33%;\"><strong><span style=\"font-size: 12pt;\">Adresse<\/span><\/strong><\/td><td style=\"width: 98.3193%;\"><span style=\"font-size: 12pt;\">Rangaustra\u00dfe 2b<br \/>90530 Wendelstein-Kleinschwarzenlohe<br \/><\/span><\/td><\/tr><tr><td style=\"width: 1.68067%;\"><strong><span style=\"font-size: 12pt;\">Standort\u00a0<\/span><\/strong><\/td><td style=\"width: 98.3193%;\"><span style=\"font-size: 12pt;\">Der Defibrillator befindet sich im SB-Bereich<\/span><\/td><\/tr><tr><td style=\"width: 1.68067%;\"><strong><span style=\"font-size: 12pt;\">Verf\u00fcgbar<\/span><\/strong><\/td><td style=\"width: 98.3193%;\"><span style=\"font-size: 12pt;\">Der Zugang ist rund um die Uhr m\u00f6glich<\/span><\/td><\/tr><tr><td style=\"width: 1.68067%;\"><strong><span style=\"font-size: 12pt;\">Telefon<\/span><\/strong><\/td><td style=\"width: 98.3193%;\"><span style=\"font-size: 12pt;\">09129 2827-0<\/span><\/td><\/tr><tr><td style=\"width: 100%;\" colspan=\"2\">\u00a0<\/td><\/tr><tr><td style=\"width: 100%; text-align: center;\" colspan=\"2\"><span style=\"font-size: 12pt;\">Mehr Infos &#8230;<\/span><\/td><\/tr><\/tbody><\/table><\/div>\n\t\t\t\t<\/div>\n\t\t\t\t\t\t\t<div class=\"elementor-toggle-item\">\n\t\t\t\t\t<div id=\"elementor-tab-title-1122\" class=\"elementor-tab-title\" data-tab=\"2\" role=\"button\" aria-controls=\"elementor-tab-content-1122\" aria-expanded=\"false\">\n\t\t\t\t\t\t\t\t\t\t\t\t<span class=\"elementor-toggle-icon elementor-toggle-icon-left\" aria-hidden=\"true\">\n\t\t\t\t\t\t\t\t\t\t\t\t\t\t\t<span class=\"elementor-toggle-icon-closed\"><i class=\"fas fa-caret-right\"><\/i><\/span>\n\t\t\t\t\t\t\t\t<span class=\"elementor-toggle-icon-opened\"><i class=\"elementor-toggle-icon-opened fas fa-caret-up\"><\/i><\/span>\n\t\t\t\t\t\t\t\t\t\t\t\t\t<\/span>\n\t\t\t\t\t\t\t\t\t\t\t\t<a class=\"elementor-toggle-title\" tabindex=\"0\">I - GolfRange Nemsdorf<\/a>\n\t\t\t\t\t<\/div>\n\n\t\t\t\t\t<div id=\"elementor-tab-content-1122\" class=\"elementor-tab-content elementor-clearfix\" data-tab=\"2\" role=\"region\" aria-labelledby=\"elementor-tab-title-1122\"><p><img loading=\"lazy\" decoding=\"async\" class=\"size-medium wp-image-68000 aligncenter\" src=\"http:\/\/www.region-schwabach.de\/wordpress\/wp-content\/uploads\/2018\/12\/def-nemsdorf-300x146.jpg\" alt=\"\" width=\"300\" height=\"146\" \/>\u200b<\/p><table style=\"border-collapse: collapse; width: 100%;\" border=\"1\"><tbody><tr><td style=\"width: 33%;\"><strong><span style=\"font-size: 12pt;\">Adresse<\/span><\/strong><\/td><td style=\"width: 98.3193%;\"><span style=\"font-size: 12pt;\">Am Golfplatz 1<br \/>91189 Nemsdorf<\/span><\/td><\/tr><tr><td style=\"width: 1.68067%;\"><strong><span style=\"font-size: 12pt;\">Standort\u00a0<\/span><\/strong><\/td><td style=\"width: 98.3193%;\"><span style=\"font-size: 12pt;\">&#8212;<\/span><\/td><\/tr><tr><td style=\"width: 1.68067%;\"><strong><span style=\"font-size: 12pt;\">Verf\u00fcgbar<\/span><\/strong><\/td><td style=\"width: 98.3193%;\">&#8212;<\/td><\/tr><tr><td style=\"width: 1.68067%;\"><strong><span style=\"font-size: 12pt;\">Telefon<\/span><\/strong><\/td><td style=\"width: 98.3193%;\"><span style=\"font-size: 12pt;\">0911 988068-0<\/span><\/td><\/tr><tr><td style=\"width: 100%;\" colspan=\"2\">\u00a0<\/td><\/tr><tr><td style=\"width: 100%; text-align: center;\" colspan=\"2\"><span style=\"font-size: 12pt;\">Mehr Infos &#8230;<\/span><\/td><\/tr><\/tbody><\/table><\/div>\n\t\t\t\t<\/div>\n\t\t\t\t\t\t\t<div class=\"elementor-toggle-item\">\n\t\t\t\t\t<div id=\"elementor-tab-title-1123\" class=\"elementor-tab-title\" data-tab=\"3\" role=\"button\" aria-controls=\"elementor-tab-content-1123\" aria-expanded=\"false\">\n\t\t\t\t\t\t\t\t\t\t\t\t<span class=\"elementor-toggle-icon elementor-toggle-icon-left\" aria-hidden=\"true\">\n\t\t\t\t\t\t\t\t\t\t\t\t\t\t\t<span class=\"elementor-toggle-icon-closed\"><i class=\"fas fa-caret-right\"><\/i><\/span>\n\t\t\t\t\t\t\t\t<span class=\"elementor-toggle-icon-opened\"><i class=\"elementor-toggle-icon-opened fas fa-caret-up\"><\/i><\/span>\n\t\t\t\t\t\t\t\t\t\t\t\t\t<\/span>\n\t\t\t\t\t\t\t\t\t\t\t\t<a class=\"elementor-toggle-title\" tabindex=\"0\">J - Tennisabteilung TSV Rohr<\/a>\n\t\t\t\t\t<\/div>\n\n\t\t\t\t\t<div id=\"elementor-tab-content-1123\" class=\"elementor-tab-content elementor-clearfix\" data-tab=\"3\" role=\"region\" aria-labelledby=\"elementor-tab-title-1123\"><p><a href=\"http:\/\/www.region-schwabach.de\/wordpress\/wp-content\/uploads\/2018\/12\/def-rohr-tennishalle-e1543961675386.jpg\"><img loading=\"lazy\" decoding=\"async\" class=\"size-medium wp-image-68003 aligncenter\" src=\"http:\/\/www.region-schwabach.de\/wordpress\/wp-content\/uploads\/2018\/12\/def-rohr-tennishalle-300x146.jpg\" alt=\"\" width=\"300\" height=\"146\" \/><\/a>\u200b<\/p><table style=\"border-collapse: collapse; width: 100%;\" border=\"1\"><tbody><tr><td style=\"width: 33%;\"><strong><span style=\"font-size: 12pt;\">Adresse<\/span><\/strong><\/td><td style=\"width: 98.3193%;\"><ul style=\"list-style-type: disc;\"><li><span style=\"font-size: 12pt;\">Tennishalle<br \/>Stein\u00e4ckerweg 20<br \/>91189 Rohr<\/span><\/li><li><span style=\"font-size: 12pt;\">Vereinsheim (Freipl\u00e4tze)<\/span><br \/><span style=\"font-size: 12pt;\">Weiler Berg 16<\/span><br \/><span style=\"font-size: 12pt;\">91189 Rohr<\/span><\/li><\/ul><\/td><\/tr><tr><td style=\"width: 1.68067%;\"><strong><span style=\"font-size: 12pt;\">Standort\u00a0<\/span><\/strong><\/td><td style=\"width: 98.3193%;\"><ul style=\"list-style-type: disc;\"><li><span style=\"font-size: 12pt;\">w\u00e4hrend der Hallensaison (Ende September bis Mitte April) Tennishalle Rohr, Stein\u00e4ckerweg 20, Sanit\u00e4tsraum<\/span><\/li><li><span style=\"font-size: 12pt;\">w\u00e4hrend der \u00fcbrigen Zeit Tennisheim, Weiler Berg 16 bei den Freipl\u00e4tzen<\/span><\/li><\/ul><\/td><\/tr><tr><td style=\"width: 1.68067%;\"><strong><span style=\"font-size: 12pt;\">Verf\u00fcgbar<\/span><\/strong><\/td><td style=\"width: 98.3193%;\"><ul style=\"list-style-type: disc;\"><li><span style=\"font-size: 12pt;\">In der Regel ist die Halle von 8.45 Uhr bis ca. 22.00 Uhr ge\u00f6ffnet und damit der Zugriff m\u00f6glich. <\/span><\/li><li><span style=\"font-size: 12pt;\">In den Sommermonaten auf der Freiplatzanlage ist es etwas schwieriger. Hier ist der Zugriff m\u00f6glich wenn sich jemand auf der Anlage befindet und das Geb\u00e4ude aufschlie\u00dft.<\/span><\/li><\/ul><\/td><\/tr><tr><td style=\"width: 1.68067%;\"><strong><span style=\"font-size: 12pt;\">Telefon<\/span><\/strong><\/td><td style=\"width: 98.3193%;\"><span style=\"font-size: 12pt;\">Tennishalle: 09876 978797<br \/>Vereinsheim: 09876 717<\/span><\/td><\/tr><tr><td style=\"width: 100%;\" colspan=\"2\">\u00a0<\/td><\/tr><tr><td style=\"width: 100%; text-align: center;\" colspan=\"2\"><a href=\"https:\/\/www.region-schwabach.de\/wordpress\/tennisabteilung-tsv-rohr\/\" target=\"_blank\" rel=\"noopener\"><span style=\"font-size: 12pt;\">Mehr Infos &#8230;<\/span><\/a><\/td><\/tr><\/tbody><\/table><\/div>\n\t\t\t\t<\/div>\n\t\t\t\t\t\t\t<div class=\"elementor-toggle-item\">\n\t\t\t\t\t<div id=\"elementor-tab-title-1124\" class=\"elementor-tab-title\" data-tab=\"4\" role=\"button\" aria-controls=\"elementor-tab-content-1124\" aria-expanded=\"false\">\n\t\t\t\t\t\t\t\t\t\t\t\t<span class=\"elementor-toggle-icon elementor-toggle-icon-left\" aria-hidden=\"true\">\n\t\t\t\t\t\t\t\t\t\t\t\t\t\t\t<span class=\"elementor-toggle-icon-closed\"><i class=\"fas fa-caret-right\"><\/i><\/span>\n\t\t\t\t\t\t\t\t<span class=\"elementor-toggle-icon-opened\"><i class=\"elementor-toggle-icon-opened fas fa-caret-up\"><\/i><\/span>\n\t\t\t\t\t\t\t\t\t\t\t\t\t<\/span>\n\t\t\t\t\t\t\t\t\t\t\t\t<a class=\"elementor-toggle-title\" tabindex=\"0\">K - Sportgel\u00e4nde 1. FC Schwand<\/a>\n\t\t\t\t\t<\/div>\n\n\t\t\t\t\t<div id=\"elementor-tab-content-1124\" class=\"elementor-tab-content elementor-clearfix\" data-tab=\"4\" role=\"region\" aria-labelledby=\"elementor-tab-title-1124\"><p><a href=\"http:\/\/www.region-schwabach.de\/wordpress\/wp-content\/uploads\/2018\/12\/def-schwand.jpg\"><img loading=\"lazy\" decoding=\"async\" class=\"size-medium wp-image-68005 aligncenter\" src=\"http:\/\/www.region-schwabach.de\/wordpress\/wp-content\/uploads\/2018\/12\/def-schwand-300x146.jpg\" alt=\"\" width=\"300\" height=\"146\" \/><\/a>\u200b<\/p><table style=\"border-collapse: collapse; width: 100%;\" border=\"1\"><tbody><tr><td style=\"width: 33%;\"><strong><span style=\"font-size: 12pt;\">Adresse<\/span><\/strong><\/td><td style=\"width: 98.3193%;\"><span style=\"font-size: 12pt;\">N\u00fcrnberger Stra\u00dfe 46<br \/>90596 Schwanstetten<\/span><\/td><\/tr><tr><td style=\"width: 1.68067%;\"><strong><span style=\"font-size: 12pt;\">Standort\u00a0<\/span><\/strong><\/td><td style=\"width: 98.3193%;\"><span style=\"font-size: 12pt;\">&#8212;<\/span><\/td><\/tr><tr><td style=\"width: 1.68067%;\"><strong><span style=\"font-size: 12pt;\">Verf\u00fcgbar<\/span><\/strong><\/td><td style=\"width: 98.3193%;\"><span style=\"font-size: 12pt;\">&#8212;<\/span><\/td><\/tr><tr><td style=\"width: 1.68067%;\"><strong><span style=\"font-size: 12pt;\">Telefon<\/span><\/strong><\/td><td style=\"width: 98.3193%;\"><span style=\"font-size: 12pt;\">09170 972235<\/span><\/td><\/tr><tr><td style=\"width: 100%;\" colspan=\"2\">\u00a0<\/td><\/tr><tr><td style=\"width: 100%; text-align: center;\" colspan=\"2\"><span style=\"font-size: 12pt;\">Mehr Infos &#8230;<\/span><\/td><\/tr><\/tbody><\/table><\/div>\n\t\t\t\t<\/div>\n\t\t\t\t\t\t\t<div class=\"elementor-toggle-item\">\n\t\t\t\t\t<div id=\"elementor-tab-title-1125\" class=\"elementor-tab-title\" data-tab=\"5\" role=\"button\" aria-controls=\"elementor-tab-content-1125\" aria-expanded=\"false\">\n\t\t\t\t\t\t\t\t\t\t\t\t<span class=\"elementor-toggle-icon elementor-toggle-icon-left\" aria-hidden=\"true\">\n\t\t\t\t\t\t\t\t\t\t\t\t\t\t\t<span class=\"elementor-toggle-icon-closed\"><i class=\"fas fa-caret-right\"><\/i><\/span>\n\t\t\t\t\t\t\t\t<span class=\"elementor-toggle-icon-opened\"><i class=\"elementor-toggle-icon-opened fas fa-caret-up\"><\/i><\/span>\n\t\t\t\t\t\t\t\t\t\t\t\t\t<\/span>\n\t\t\t\t\t\t\t\t\t\t\t\t<a class=\"elementor-toggle-title\" tabindex=\"0\">L - Grundschule Schwanstetten<\/a>\n\t\t\t\t\t<\/div>\n\n\t\t\t\t\t<div id=\"elementor-tab-content-1125\" class=\"elementor-tab-content elementor-clearfix\" data-tab=\"5\" role=\"region\" aria-labelledby=\"elementor-tab-title-1125\"><p><img loading=\"lazy\" decoding=\"async\" class=\"size-medium wp-image-68007 aligncenter\" src=\"http:\/\/www.region-schwabach.de\/wordpress\/wp-content\/uploads\/2018\/12\/def-schwanstetten-300x146.jpg\" alt=\"\" width=\"300\" height=\"146\" \/>\u200b<\/p><table style=\"border-collapse: collapse; width: 100%;\" border=\"1\"><tbody><tr><td style=\"width: 100%; text-align: center;\" colspan=\"2\">\u00a0<\/td><\/tr><tr><td style=\"width: 33%;\"><strong><span style=\"font-size: 12pt;\">Adresse<\/span><\/strong><\/td><td style=\"width: 98.3193%;\"><span style=\"font-size: 12pt;\">Rathausplatz 3<br \/>90596 Schwanstetten<\/span><\/td><\/tr><tr><td style=\"width: 1.68067%;\"><strong><span style=\"font-size: 12pt;\">Standort\u00a0<\/span><\/strong><\/td><td style=\"width: 98.3193%;\"><span style=\"font-size: 12pt;\">&#8212;<\/span><\/td><\/tr><tr><td style=\"width: 1.68067%;\"><strong><span style=\"font-size: 12pt;\">Verf\u00fcgbar<\/span><\/strong><\/td><td style=\"width: 98.3193%;\"><span style=\"font-size: 12pt;\">&#8212;<\/span><\/td><\/tr><tr><td style=\"width: 1.68067%;\"><strong><span style=\"font-size: 12pt;\">Telefon<\/span><\/strong><\/td><td style=\"width: 98.3193%;\"><span style=\"font-size: 12pt;\">09170 1622<\/span><\/td><\/tr><tr><td style=\"width: 100%;\" colspan=\"2\">\u00a0<\/td><\/tr><tr><td style=\"width: 100%; text-align: center;\" colspan=\"2\"><span style=\"font-size: 12pt;\">Mehr Infos &#8230;<\/span><\/td><\/tr><\/tbody><\/table><\/div>\n\t\t\t\t<\/div>\n\t\t\t\t\t\t\t<div class=\"elementor-toggle-item\">\n\t\t\t\t\t<div id=\"elementor-tab-title-1126\" class=\"elementor-tab-title\" data-tab=\"6\" role=\"button\" aria-controls=\"elementor-tab-content-1126\" aria-expanded=\"false\">\n\t\t\t\t\t\t\t\t\t\t\t\t<span class=\"elementor-toggle-icon elementor-toggle-icon-left\" aria-hidden=\"true\">\n\t\t\t\t\t\t\t\t\t\t\t\t\t\t\t<span class=\"elementor-toggle-icon-closed\"><i class=\"fas fa-caret-right\"><\/i><\/span>\n\t\t\t\t\t\t\t\t<span class=\"elementor-toggle-icon-opened\"><i class=\"elementor-toggle-icon-opened fas fa-caret-up\"><\/i><\/span>\n\t\t\t\t\t\t\t\t\t\t\t\t\t<\/span>\n\t\t\t\t\t\t\t\t\t\t\t\t<a class=\"elementor-toggle-title\" tabindex=\"0\">M - Sportgel\u00e4nde TSV Wolkersdorf<\/a>\n\t\t\t\t\t<\/div>\n\n\t\t\t\t\t<div id=\"elementor-tab-content-1126\" class=\"elementor-tab-content elementor-clearfix\" data-tab=\"6\" role=\"region\" aria-labelledby=\"elementor-tab-title-1126\"><p><a href=\"http:\/\/www.region-schwabach.de\/wordpress\/wp-content\/uploads\/2018\/12\/def-wolkersdorf-e1543962384711.jpg\"><img loading=\"lazy\" decoding=\"async\" class=\"size-medium wp-image-68009 aligncenter\" src=\"http:\/\/www.region-schwabach.de\/wordpress\/wp-content\/uploads\/2018\/12\/def-wolkersdorf-300x146.jpg\" alt=\"\" width=\"300\" height=\"146\" \/><\/a>\u200b<\/p><table style=\"border-collapse: collapse; width: 100%;\" border=\"1\"><tbody><tr><td style=\"width: 33%;\"><strong><span style=\"font-size: 12pt;\">Adresse<\/span><\/strong><\/td><td style=\"width: 98.3193%;\"><span style=\"font-size: 12pt;\">Kellerstra\u00dfe 26<br \/>91126 Schwabach-Wolkersdorf<\/span><\/td><\/tr><tr><td style=\"width: 1.68067%;\"><strong><span style=\"font-size: 12pt;\">Standort\u00a0<\/span><\/strong><\/td><td style=\"width: 98.3193%;\"><span style=\"font-size: 12pt;\">&#8212;<\/span><\/td><\/tr><tr><td style=\"width: 1.68067%;\"><strong><span style=\"font-size: 12pt;\">Verf\u00fcgbar<\/span><\/strong><\/td><td style=\"width: 98.3193%;\"><span style=\"font-size: 12pt;\">&#8212;<\/span><\/td><\/tr><tr><td style=\"width: 1.68067%;\"><strong><span style=\"font-size: 12pt;\">Telefon<\/span><\/strong><\/td><td style=\"width: 98.3193%;\">0911 9649494<\/td><\/tr><tr><td style=\"width: 100%;\" colspan=\"2\">\u00a0<\/td><\/tr><tr><td style=\"width: 100%; text-align: center;\" colspan=\"2\"><span style=\"font-size: 12pt;\">Mehr Infos &#8230;<\/span><\/td><\/tr><\/tbody><\/table><\/div>\n\t\t\t\t<\/div>\n\t\t\t\t\t\t\t<div class=\"elementor-toggle-item\">\n\t\t\t\t\t<div id=\"elementor-tab-title-1127\" class=\"elementor-tab-title\" data-tab=\"7\" role=\"button\" aria-controls=\"elementor-tab-content-1127\" aria-expanded=\"false\">\n\t\t\t\t\t\t\t\t\t\t\t\t<span class=\"elementor-toggle-icon elementor-toggle-icon-left\" aria-hidden=\"true\">\n\t\t\t\t\t\t\t\t\t\t\t\t\t\t\t<span class=\"elementor-toggle-icon-closed\"><i class=\"fas fa-caret-right\"><\/i><\/span>\n\t\t\t\t\t\t\t\t<span class=\"elementor-toggle-icon-opened\"><i class=\"elementor-toggle-icon-opened fas fa-caret-up\"><\/i><\/span>\n\t\t\t\t\t\t\t\t\t\t\t\t\t<\/span>\n\t\t\t\t\t\t\t\t\t\t\t\t<a class=\"elementor-toggle-title\" tabindex=\"0\">N - Sparkasse B\u00fcchenbach<\/a>\n\t\t\t\t\t<\/div>\n\n\t\t\t\t\t<div id=\"elementor-tab-content-1127\" class=\"elementor-tab-content elementor-clearfix\" data-tab=\"7\" role=\"region\" aria-labelledby=\"elementor-tab-title-1127\"><p><a href=\"http:\/\/www.region-schwabach.de\/wordpress\/wp-content\/uploads\/2018\/12\/SPK-MFRS_Positiv-e1545146716306.jpg\"><img loading=\"lazy\" decoding=\"async\" class=\"size-medium wp-image-70608 aligncenter\" src=\"http:\/\/www.region-schwabach.de\/wordpress\/wp-content\/uploads\/2018\/12\/SPK-MFRS_Positiv-300x124.jpg\" alt=\"\" width=\"300\" height=\"124\" \/><\/a><\/p><p><a href=\"http:\/\/www.region-schwabach.de\/wordpress\/wp-content\/uploads\/2018\/12\/kein_bild_verf\u00fcgbar.jpg\"><img loading=\"lazy\" decoding=\"async\" class=\"size-medium wp-image-67782 aligncenter\" src=\"http:\/\/www.region-schwabach.de\/wordpress\/wp-content\/uploads\/2018\/12\/kein_bild_verf\u00fcgbar-300x182.jpg\" alt=\"\" width=\"300\" height=\"182\" srcset=\"https:\/\/www.region-schwabach.de\/wordpress\/wp-content\/uploads\/2018\/12\/kein_bild_verf\u00fcgbar-300x182.jpg 300w, https:\/\/www.region-schwabach.de\/wordpress\/wp-content\/uploads\/2018\/12\/kein_bild_verf\u00fcgbar.jpg 357w\" sizes=\"(max-width: 300px) 100vw, 300px\" \/><\/a>\u200b<\/p><table style=\"border-collapse: collapse; width: 100%;\" border=\"1\"><tbody><tr><td style=\"width: 33%;\"><strong><span style=\"font-size: 12pt;\">Adresse<\/span><\/strong><\/td><td style=\"width: 98.3193%;\"><span style=\"font-size: 12pt;\">Untere Bahnhofstra\u00dfe 16<br \/>91186 B\u00fcchenbach<br \/><\/span><\/td><\/tr><tr><td style=\"width: 1.68067%;\"><strong><span style=\"font-size: 12pt;\">Standort\u00a0<\/span><\/strong><\/td><td style=\"width: 98.3193%;\"><span style=\"font-size: 12pt;\">Der Defibrillator befindet sich im SB-Bereich<\/span><\/td><\/tr><tr><td style=\"width: 1.68067%;\"><strong><span style=\"font-size: 12pt;\">Verf\u00fcgbar<\/span><\/strong><\/td><td style=\"width: 98.3193%;\"><span style=\"font-size: 12pt;\">Der Zugang ist rund um die Uhr m\u00f6glich<\/span><\/td><\/tr><tr><td style=\"width: 100%;\" colspan=\"2\">\u00a0<\/td><\/tr><tr><td style=\"width: 100%; text-align: center;\" colspan=\"2\"><a href=\"https:\/\/www.region-schwabach.de\/wordpress\/buchenbach-sparkasse\/\" target=\"_blank\" rel=\"noopener\"><span style=\"font-size: 12pt;\">Mehr Infos &#8230;<\/span><\/a><\/td><\/tr><\/tbody><\/table><\/div>\n\t\t\t\t<\/div>\n\t\t\t\t\t\t\t\t<\/div>\n\t\t\t\t<\/div>\n\t\t\t\t<\/div>\n\t\t\t\t\t<\/div>\n\t\t<\/div>\n\t\t\t\t\t<\/div>\n\t\t<\/section>\n\t\t\t\t<section class=\"elementor-section elementor-top-section elementor-element elementor-element-b6fa834 elementor-section-boxed elementor-section-height-default elementor-section-height-default\" data-id=\"b6fa834\" data-element_type=\"section\">\n\t\t\t\t\t\t<div class=\"elementor-container elementor-column-gap-default\">\n\t\t\t\t\t<div class=\"elementor-column elementor-col-50 elementor-top-column elementor-element elementor-element-7d73a39\" data-id=\"7d73a39\" data-element_type=\"column\">\n\t\t\t<div class=\"elementor-widget-wrap\">\n\t\t\t\t\t\t\t<\/div>\n\t\t<\/div>\n\t\t\t\t<div class=\"elementor-column elementor-col-50 elementor-top-column elementor-element elementor-element-2903751\" data-id=\"2903751\" data-element_type=\"column\">\n\t\t\t<div class=\"elementor-widget-wrap\">\n\t\t\t\t\t\t\t<\/div>\n\t\t<\/div>\n\t\t\t\t\t<\/div>\n\t\t<\/section>\n\t\t\t\t<\/div>\n\t\t","protected":false},"excerpt":{"rendered":"<div class=\"mh-excerpt\"><p>Schwabach &#8211; Die Ger\u00e4te mit dem zungenbrecherischen Namen sollen dabei helfen, Leben zu retten. So k\u00f6nnen\u00a0\u00f6ffentlich zug\u00e4ngliche Defibrillatoren in vielen F\u00e4llen den pl\u00f6tzlichen Herztod verhindern helfen, indem sie bei einem Kammerflimmern das Herz eines Patienten <a class=\"mh-excerpt-more\" href=\"https:\/\/www.region-schwabach.de\/wordpress\/service\/defibrillatoren\/\" title=\"Defibrillatoren\">[&#8230;]<\/a><\/p>\n<\/div>","protected":false},"author":1,"featured_media":63368,"parent":2018,"menu_order":0,"comment_status":"closed","ping_status":"closed","template":"","meta":{"_cbd_carousel_blocks":"[]","footnotes":""},"class_list":["post-63137","page","type-page","status-publish","has-post-thumbnail"],"_links":{"self":[{"href":"https:\/\/www.region-schwabach.de\/wordpress\/wp-json\/wp\/v2\/pages\/63137","targetHints":{"allow":["GET"]}}],"collection":[{"href":"https:\/\/www.region-schwabach.de\/wordpress\/wp-json\/wp\/v2\/pages"}],"about":[{"href":"https:\/\/www.region-schwabach.de\/wordpress\/wp-json\/wp\/v2\/types\/page"}],"author":[{"embeddable":true,"href":"https:\/\/www.region-schwabach.de\/wordpress\/wp-json\/wp\/v2\/users\/1"}],"replies":[{"embeddable":true,"href":"https:\/\/www.region-schwabach.de\/wordpress\/wp-json\/wp\/v2\/comments?post=63137"}],"version-history":[{"count":0,"href":"https:\/\/www.region-schwabach.de\/wordpress\/wp-json\/wp\/v2\/pages\/63137\/revisions"}],"up":[{"embeddable":true,"href":"https:\/\/www.region-schwabach.de\/wordpress\/wp-json\/wp\/v2\/pages\/2018"}],"wp:featuredmedia":[{"embeddable":true,"href":"https:\/\/www.region-schwabach.de\/wordpress\/wp-json\/wp\/v2\/media\/63368"}],"wp:attachment":[{"href":"https:\/\/www.region-schwabach.de\/wordpress\/wp-json\/wp\/v2\/media?parent=63137"}],"curies":[{"name":"wp","href":"https:\/\/api.w.org\/{rel}","templated":true}]}}